{"id":1988,"date":"2024-05-20T14:23:35","date_gmt":"2024-05-20T12:23:35","guid":{"rendered":"https:\/\/www.psychologue-fornillo.com\/il-mio-percorso\/"},"modified":"2025-09-10T20:22:27","modified_gmt":"2025-09-10T18:22:27","slug":"il-mio-percorso","status":"publish","type":"page","link":"https:\/\/www.psychologue-fornillo.com\/it\/il-mio-percorso\/","title":{"rendered":"Il mio percorso"},"content":{"rendered":"<p><div class=\"fusion-fullwidth fullwidth-box fusion-builder-row-1 fusion-flex-container has-pattern-background has-mask-background nonhundred-percent-fullwidth non-hundred-percent-height-scrolling\" style=\"--link_hover_color: #278b77;--link_color: #278b77;--awb-background-position:right top;--awb-background-blend-mode:overlay;--awb-border-color:#ffffff;--awb-border-radius-top-left:0px;--awb-border-radius-top-right:0px;--awb-border-radius-bottom-right:0px;--awb-border-radius-bottom-left:0px;--awb-padding-top:0px;--awb-padding-bottom:30px;--awb-padding-top-medium:90px;--awb-padding-bottom-medium:90px;--awb-padding-top-small:0px;--awb-padding-bottom-small:0px;--awb-margin-bottom-medium:0px;--awb-background-color:#ffffff;--awb-flex-wrap:wrap;\" id=\"who\" ><div class=\"fusion-builder-row fusion-row fusion-flex-align-items-center fusion-flex-justify-content-center fusion-flex-content-wrap\" style=\"max-width:1248px;margin-left: calc(-4% \/ 2 );margin-right: calc(-4% \/ 2 );\"><div class=\"fusion-layout-column fusion_builder_column fusion-builder-column-0 fusion_builder_column_1_1 1_1 fusion-flex-column fusion-no-small-visibility\" style=\"--awb-bg-size:cover;--awb-width-large:100%;--awb-margin-top-large:0px;--awb-spacing-right-large:1.92%;--awb-margin-bottom-large:20px;--awb-spacing-left-large:1.92%;--awb-width-medium:100%;--awb-order-medium:0;--awb-spacing-right-medium:1.92%;--awb-spacing-left-medium:1.92%;--awb-width-small:100%;--awb-order-small:0;--awb-spacing-right-small:1.92%;--awb-spacing-left-small:1.92%;\"><div class=\"fusion-column-wrapper fusion-column-has-shadow fusion-flex-justify-content-flex-start fusion-content-layout-column\"><div class=\"fusion-title title fusion-title-1 fusion-sep-none fusion-title-center fusion-title-text fusion-title-size-three\"><h3 class=\"fusion-title-heading title-heading-center\" style=\"margin:0;\">Psicologa e psicoterapeuta accreditata e certificata Europsy<\/h3><\/div><div class=\"fusion-text fusion-text-1\" style=\"--awb-content-alignment:center;\"><p>N\u00b0 Adeli 609310255 \/ Numero RPPS 10009304550<\/p>\n<\/div><div class=\"fusion-text fusion-text-2\" style=\"--awb-content-alignment:center;\"><h4><b>Trilingue Francese\/Spagnolo\/Italiano<\/b><\/h4>\n<\/div><\/div><\/div><div class=\"fusion-layout-column fusion_builder_column fusion-builder-column-1 fusion_builder_column_1_1 1_1 fusion-flex-column fusion-no-medium-visibility fusion-no-large-visibility\" style=\"--awb-bg-size:cover;--awb-width-large:100%;--awb-margin-top-large:0px;--awb-spacing-right-large:1.92%;--awb-margin-bottom-large:20px;--awb-spacing-left-large:1.92%;--awb-width-medium:100%;--awb-order-medium:0;--awb-spacing-right-medium:1.92%;--awb-spacing-left-medium:1.92%;--awb-width-small:100%;--awb-order-small:0;--awb-spacing-right-small:1.92%;--awb-margin-bottom-small:0px;--awb-spacing-left-small:1.92%;\"><div class=\"fusion-column-wrapper fusion-column-has-shadow fusion-flex-justify-content-flex-start fusion-content-layout-column\"><div class=\"fusion-title title fusion-title-2 fusion-sep-none fusion-title-center fusion-title-text fusion-title-size-three\" style=\"--awb-font-size:28px;\"><h3 class=\"fusion-title-heading title-heading-center\" style=\"margin:0;font-size:1em;line-height:1.6;\">Psicologa e psicoterapeuta accreditata e certificata Europsy<\/h3><\/div><div class=\"fusion-text fusion-text-3 fusion-text-no-margin\" style=\"--awb-content-alignment:center;--awb-margin-bottom:0px;\"><p>N\u00b0 Adeli 609310255<\/p>\n<\/div><div class=\"fusion-text fusion-text-4\" style=\"--awb-content-alignment:center;--awb-font-size:18px;\"><h4 style=\"font-size: 18px;\"><b>Trilingue Francese\/Spagnolo\/Italiano<\/b><\/h4>\n<\/div><\/div><\/div><div class=\"fusion-layout-column fusion_builder_column fusion-builder-column-2 fusion_builder_column_1_3 1_3 fusion-flex-column fusion-flex-align-self-center fusion-animated\" style=\"--awb-bg-size:cover;--awb-width-large:33.333333333333%;--awb-margin-top-large:0px;--awb-spacing-right-large:72px;--awb-margin-bottom-large:0px;--awb-spacing-left-large:5.76%;--awb-width-medium:50%;--awb-order-medium:0;--awb-spacing-right-medium:70px;--awb-spacing-left-medium:3.84%;--awb-width-small:100%;--awb-order-small:0;--awb-spacing-right-small:1.92%;--awb-spacing-left-small:1.92%;\" data-animationType=\"fadeInUp\" data-animationDuration=\"0.8\" data-animationOffset=\"top-into-view\"><div class=\"fusion-column-wrapper fusion-column-has-shadow fusion-flex-justify-content-flex-start fusion-content-layout-column\"><div class=\"fusion-image-element \" style=\"--awb-aspect-ratio: 100 \/ 141;--awb-object-position:35% 54%;--awb-mask-url: url(https:\/\/www.psychologue-fornillo.com\/wp-content\/plugins\/fusion-builder\/\/assets\/images\/masks\/mask-17.svg);--awb-margin-bottom-small:0px;--awb-caption-title-font-family:var(--h2_typography-font-family);--awb-caption-title-font-weight:var(--h2_typography-font-weight);--awb-caption-title-font-style:var(--h2_typography-font-style);--awb-caption-title-size:var(--h2_typography-font-size);--awb-caption-title-transform:var(--h2_typography-text-transform);--awb-caption-title-line-height:var(--h2_typography-line-height);--awb-caption-title-letter-spacing:var(--h2_typography-letter-spacing);\"><span class=\" fusion-imageframe imageframe-none imageframe-1 hover-type-none has-mask has-aspect-ratio\"><img decoding=\"async\" width=\"750\" height=\"561\" title=\"foto-vanesita\" src=\"https:\/\/www.psychologue-fornillo.com\/wp-content\/uploads\/2024\/03\/foto-vanesita.webp\" class=\"img-responsive wp-image-2154 img-with-aspect-ratio\" data-parent-fit=\"cover\" data-parent-container=\".fusion-image-element\" alt srcset=\"https:\/\/www.psychologue-fornillo.com\/wp-content\/uploads\/2024\/03\/foto-vanesita-200x150.webp 200w, https:\/\/www.psychologue-fornillo.com\/wp-content\/uploads\/2024\/03\/foto-vanesita-400x299.webp 400w, https:\/\/www.psychologue-fornillo.com\/wp-content\/uploads\/2024\/03\/foto-vanesita-600x449.webp 600w, https:\/\/www.psychologue-fornillo.com\/wp-content\/uploads\/2024\/03\/foto-vanesita.webp 750w\" sizes=\"(max-width: 640px) 100vw, 400px\" \/><\/span><\/div><\/div><\/div><div class=\"fusion-layout-column fusion_builder_column fusion-builder-column-3 fusion-flex-column fusion-flex-align-self-center fusion-no-small-visibility fusion-animated\" style=\"--awb-padding-bottom-medium:0px;--awb-bg-size:cover;--awb-width-large:48%;--awb-margin-top-large:0px;--awb-spacing-right-large:4%;--awb-margin-bottom-large:0px;--awb-spacing-left-large:55px;--awb-width-medium:50%;--awb-order-medium:0;--awb-spacing-right-medium:3.84%;--awb-spacing-left-medium:20px;--awb-width-small:100%;--awb-order-small:0;--awb-spacing-right-small:1.92%;--awb-spacing-left-small:20px;\" data-animationType=\"fadeInRight\" data-animationDuration=\"1.3\" data-animationOffset=\"top-into-view\" data-scroll-devices=\"small-visibility,medium-visibility,large-visibility\"><div class=\"fusion-column-wrapper fusion-column-has-shadow fusion-flex-justify-content-center fusion-content-layout-column\"><ul style=\"--awb-item-padding-top:20px;--awb-item-padding-right:60px;--awb-item-padding-left:0px;--awb-iconcolor:var(--awb-color5);--awb-textcolor:#091b18;--awb-line-height:27.2px;--awb-icon-width:27.2px;--awb-icon-height:27.2px;--awb-icon-margin:11.2px;--awb-content-margin:38.4px;\" class=\"fusion-checklist fusion-checklist-1 type-icons\"><li class=\"fusion-li-item\" style=\"\"><span class=\"icon-wrapper circle-no\"><i class=\"fusion-li-icon fa-check fas\" aria-hidden=\"true\"><\/i><\/span><div class=\"fusion-li-item-content\">\n<p><b>Ascoltarvi<\/b><\/p>\n<\/div><\/li><li class=\"fusion-li-item\" style=\"\"><span class=\"icon-wrapper circle-no\"><i class=\"fusion-li-icon fa-check fas\" aria-hidden=\"true\"><\/i><\/span><div class=\"fusion-li-item-content\">\n<p><b>Supportarvi<\/b><\/p>\n<\/div><\/li><li class=\"fusion-li-item\" style=\"\"><span class=\"icon-wrapper circle-no\"><i class=\"fusion-li-icon fa-check fas\" aria-hidden=\"true\"><\/i><\/span><div class=\"fusion-li-item-content\">\n<p><b>Accompagnarvi<\/b><\/p>\n<\/div><\/li><li class=\"fusion-li-item\" style=\"\"><span class=\"icon-wrapper circle-no\"><i class=\"fusion-li-icon fa-check fas\" aria-hidden=\"true\"><\/i><\/span><div class=\"fusion-li-item-content\">\n<p><b>Aiutarvi<\/b><\/p>\n<\/div><\/li><\/ul><\/div><\/div><div class=\"fusion-layout-column fusion_builder_column fusion-builder-column-4 fusion-flex-column fusion-flex-align-self-center fusion-no-medium-visibility fusion-no-large-visibility fusion-animated\" style=\"--awb-padding-bottom-medium:0px;--awb-bg-size:cover;--awb-width-large:48%;--awb-margin-top-large:0px;--awb-spacing-right-large:4%;--awb-margin-bottom-large:0px;--awb-spacing-left-large:55px;--awb-width-medium:50%;--awb-order-medium:0;--awb-spacing-right-medium:3.84%;--awb-spacing-left-medium:20px;--awb-width-small:100%;--awb-order-small:0;--awb-spacing-right-small:1.92%;--awb-spacing-left-small:20px;\" data-animationType=\"fadeInRight\" data-animationDuration=\"1.3\" data-animationOffset=\"top-into-view\" data-scroll-devices=\"small-visibility,medium-visibility,large-visibility\"><div class=\"fusion-column-wrapper fusion-column-has-shadow fusion-flex-justify-content-center fusion-content-layout-column\"><ul style=\"--awb-iconcolor:var(--awb-color5);--awb-textcolor:#091b18;--awb-line-height:27.2px;--awb-icon-width:27.2px;--awb-icon-height:27.2px;--awb-icon-margin:11.2px;--awb-content-margin:38.4px;\" class=\"fusion-checklist fusion-checklist-2 fusion-checklist-default type-icons\"><li class=\"fusion-li-item\" style=\"\"><span class=\"icon-wrapper circle-no\"><i class=\"fusion-li-icon fa-check fas\" aria-hidden=\"true\"><\/i><\/span><div class=\"fusion-li-item-content\">Ascoltarvi<\/div><\/li><li class=\"fusion-li-item\" style=\"\"><span class=\"icon-wrapper circle-no\"><i class=\"fusion-li-icon fa-check fas\" aria-hidden=\"true\"><\/i><\/span><div class=\"fusion-li-item-content\">Supportarvi<\/div><\/li><li class=\"fusion-li-item\" style=\"\"><span class=\"icon-wrapper circle-no\"><i class=\"fusion-li-icon fa-check fas\" aria-hidden=\"true\"><\/i><\/span><div class=\"fusion-li-item-content\">Accompagnarvi<\/div><\/li><li class=\"fusion-li-item\" style=\"\"><span class=\"icon-wrapper circle-no\"><i class=\"fusion-li-icon fa-check fas\" aria-hidden=\"true\"><\/i><\/span><div class=\"fusion-li-item-content\">\n<p>Aiutarvi<\/p>\n<\/div><\/li><\/ul><\/div><\/div><\/div><\/div><div class=\"fusion-fullwidth fullwidth-box fusion-builder-row-2 fusion-flex-container nonhundred-percent-fullwidth non-hundred-percent-height-scrolling\" style=\"--link_hover_color: #f25534;--link_color: #040d16;--awb-border-radius-top-left:0px;--awb-border-radius-top-right:0px;--awb-border-radius-bottom-right:0px;--awb-border-radius-bottom-left:0px;--awb-padding-top:0px;--awb-padding-bottom:0px;--awb-background-color:#ffffff;--awb-flex-wrap:wrap;\" ><div class=\"fusion-builder-row fusion-row fusion-flex-align-items-center fusion-flex-justify-content-center fusion-flex-content-wrap\" style=\"max-width:1248px;margin-left: calc(-4% \/ 2 );margin-right: calc(-4% \/ 2 );\"><div class=\"fusion-layout-column fusion_builder_column fusion-builder-column-5 fusion_builder_column_1_1 1_1 fusion-flex-column fusion-no-small-visibility\" style=\"--awb-bg-size:cover;--awb-border-color:#dce0e3;--awb-border-style:dashed;--awb-transform:translateY(0px);--awb-transform-hover:translateY(-15px);--awb-width-large:100%;--awb-margin-top-large:0px;--awb-spacing-right-large:1.92%;--awb-margin-bottom-large:30px;--awb-spacing-left-large:1.92%;--awb-width-medium:100%;--awb-order-medium:0;--awb-spacing-right-medium:1.92%;--awb-spacing-left-medium:1.92%;--awb-width-small:100%;--awb-order-small:0;--awb-spacing-right-small:1.92%;--awb-spacing-left-small:1.92%;\" data-scroll-devices=\"small-visibility,medium-visibility,large-visibility\"><div class=\"fusion-column-wrapper fusion-column-has-shadow fusion-flex-justify-content-flex-start fusion-content-layout-column\"><div class=\"fusion-title title fusion-title-3 fusion-sep-none fusion-title-center fusion-title-text fusion-title-size-three\"><h3 class=\"fusion-title-heading title-heading-center\" style=\"margin:0;\">Certificazione EuroPsy<\/h3><\/div><div class=\"fusion-text fusion-text-5\" style=\"--awb-content-alignment:center;\"><p><strong>La garanzia di essere di fronte a uno psicologo <\/strong><strong>certific<\/strong><strong>ato dalla Federazione europea.<\/strong><\/p>\n<p>La certificazione europea in psicologia offre una garanzia di qualit\u00e0 nella formazione degli psicologi. Gli psicologi certificati <b>EuroPsy<\/b> soddisfano un elenco di criteri sui requisiti professionali.<\/p>\n<\/div><div style=\"text-align:center;\"><a class=\"fusion-button button-flat fusion-button-default-size button-default fusion-button-default button-1 fusion-button-default-span fusion-button-default-type\" style=\"--button_margin-bottom:2%;\" target=\"_blank\" rel=\"noopener noreferrer\" href=\"https:\/\/www.europsy.eu\/psychologists\/maria-vanesa-fornillo\"><span class=\"fusion-button-text awb-button__text awb-button__text--default\">Accedi alla scheda Europsy<\/span><\/a><\/div><\/div><\/div><div class=\"fusion-layout-column fusion_builder_column fusion-builder-column-6 fusion_builder_column_1_1 1_1 fusion-flex-column fusion-no-medium-visibility fusion-no-large-visibility\" style=\"--awb-padding-top-small:25px;--awb-bg-size:cover;--awb-border-color:#dce0e3;--awb-border-bottom:1px;--awb-border-style:dashed;--awb-transform:translateY(0px);--awb-transform-hover:translateY(-15px);--awb-width-large:100%;--awb-margin-top-large:0px;--awb-spacing-right-large:1.92%;--awb-margin-bottom-large:30px;--awb-spacing-left-large:1.92%;--awb-width-medium:100%;--awb-order-medium:0;--awb-spacing-right-medium:1.92%;--awb-spacing-left-medium:1.92%;--awb-width-small:100%;--awb-order-small:0;--awb-spacing-right-small:1.92%;--awb-spacing-left-small:1.92%;\" data-scroll-devices=\"small-visibility,medium-visibility,large-visibility\"><div class=\"fusion-column-wrapper fusion-column-has-shadow fusion-flex-justify-content-flex-start fusion-content-layout-column\"><div class=\"fusion-title title fusion-title-4 fusion-sep-none fusion-title-center fusion-title-text fusion-title-size-three\"><h3 class=\"fusion-title-heading title-heading-center\" style=\"margin:0;\">Certificazione EuroPsy<\/h3><\/div><div class=\"fusion-text fusion-text-6\" style=\"--awb-content-alignment:center;\"><p><strong>La garanzia di essere di fronte a uno psicologo <\/strong><strong>certific<\/strong><strong>ato dalla Federazione europea.<\/strong><\/p>\n<p>La certificazione europea in psicologia offre una garanzia di qualit\u00e0 nella formazione degli psicologi. Gli psicologi certificati <b>EuroPsy<\/b> soddisfano un elenco di criteri sui requisiti professionali.<\/p>\n<\/div><div style=\"text-align:center;\"><a class=\"fusion-button button-flat fusion-button-default-size button-default fusion-button-default button-2 fusion-button-default-span fusion-button-default-type\" style=\"--button_margin-bottom:2%;\" target=\"_blank\" rel=\"noopener noreferrer\" href=\"https:\/\/www.europsy.eu\/psychologists\/maria-vanesa-fornillo\"><span class=\"fusion-button-text awb-button__text awb-button__text--default\">Accedi alla scheda Europsy<\/span><\/a><\/div><\/div><\/div><div class=\"fusion-layout-column fusion_builder_column fusion-builder-column-7 fusion_builder_column_1_1 1_1 fusion-flex-column fusion-no-small-visibility fusion-column-inner-bg-wrapper\" style=\"--awb-inner-bg-size:cover;--awb-border-color:#dce0e3;--awb-border-style:dashed;--awb-transform:translateY(0px);--awb-transform-hover:translateY(-15px);--awb-width-large:100%;--awb-margin-top-large:0px;--awb-spacing-right-large:1.92%;--awb-margin-bottom-large:30px;--awb-spacing-left-large:1.92%;--awb-width-medium:100%;--awb-order-medium:0;--awb-spacing-right-medium:1.92%;--awb-spacing-left-medium:1.92%;--awb-width-small:100%;--awb-order-small:0;--awb-spacing-right-small:1.92%;--awb-spacing-left-small:1.92%;\"><span class=\"fusion-column-inner-bg hover-type-none\"><a class=\"fusion-column-anchor\" href=\"#\"><span class=\"fusion-column-inner-bg-image\"><\/span><\/a><\/span><div class=\"fusion-column-wrapper fusion-column-has-shadow fusion-flex-justify-content-flex-start fusion-content-layout-column\"><div class=\"fusion-builder-row fusion-builder-row-inner fusion-row fusion-flex-align-items-center fusion-flex-justify-content-center fusion-flex-content-wrap\" style=\"width:104% !important;max-width:104% !important;margin-left: calc(-4% \/ 2 );margin-right: calc(-4% \/ 2 );\"><div class=\"fusion-layout-column fusion_builder_column_inner fusion-builder-nested-column-0 fusion-flex-column fusion-flex-align-self-stretch\" style=\"--awb-bg-size:cover;--awb-transition:filter 300ms ease-in, transform 300ms ease-in, background-color 300ms ease-in, border-color 300ms ease-in;--awb-width-large:10%;--awb-margin-top-large:0px;--awb-spacing-right-large:0px;--awb-margin-bottom-large:20px;--awb-spacing-left-large:19.2%;--awb-width-medium:10%;--awb-order-medium:0;--awb-spacing-right-medium:19.2%;--awb-spacing-left-medium:19.2%;--awb-width-small:100%;--awb-order-small:0;--awb-spacing-right-small:1.92%;--awb-spacing-left-small:1.92%;\"><div class=\"fusion-column-wrapper fusion-column-has-shadow fusion-flex-justify-content-flex-start fusion-content-layout-column\"><a class=\"fb-icon-element-1 fb-icon-element fontawesome-icon fa-clinic-medical fas circle-yes fusion-text-flow fusion-link\" style=\"--awb-iconcolor:var(--awb-color4);--awb-iconcolor-hover:#ffffff;--awb-circlecolor:#f5f7f9;--awb-circlecolor-hover:#f5f7f9;--awb-circlebordercolor-hover:var(--awb-color8);--awb-circlebordersize:0px;--awb-font-size:42.24px;--awb-width:84.48px;--awb-height:84.48px;--awb-line-height:84.48px;--awb-border-radius-top-l:24px;--awb-border-radius-top-r:24px;--awb-border-radius-bot-r:24px;--awb-border-radius-bot-l:24px;--awb-margin-right:24px;--awb-sm-align-self:center;\" href=\"#\" target=\"_self\" aria-label=\"Link to #\"><\/a><\/div><\/div><div class=\"fusion-layout-column fusion_builder_column_inner fusion-builder-nested-column-1 fusion_builder_column_inner_3_5 3_5 fusion-flex-column fusion-flex-align-self-stretch\" style=\"--awb-bg-size:cover;--awb-width-large:60%;--awb-margin-top-large:0px;--awb-spacing-right-large:0%;--awb-margin-bottom-large:20px;--awb-spacing-left-large:3.2%;--awb-width-medium:60%;--awb-order-medium:0;--awb-spacing-right-medium:0%;--awb-spacing-left-medium:6.4%;--awb-width-small:100%;--awb-order-small:0;--awb-spacing-right-small:1.92%;--awb-spacing-left-small:1.92%;\"><div class=\"fusion-column-wrapper fusion-column-has-shadow fusion-flex-justify-content-flex-start fusion-content-layout-column\"><div class=\"fusion-title title fusion-title-5 fusion-sep-none fusion-title-text fusion-title-size-three\" style=\"--awb-text-color:#040d16;--awb-margin-top:12px;--awb-margin-bottom:12px;--awb-font-size:20px;\"><h3 class=\"fusion-title-heading title-heading-left sm-text-align-center\" style=\"font-family:&quot;Manrope&quot;;font-style:normal;font-weight:500;margin:0;letter-spacing:0.015em;text-transform:var(--awb-typography2-text-transform);font-size:1em;line-height:1.4em;\">Master 2 in \u201cPsicologia Clinica, dello Sviluppo e Neuropsicologia\u201d ottenuto presso l\u2019<span style=\"color: var(--awb-text-color); font-size: 1em; letter-spacing: 0.015em; text-transform: var(--awb-typography2-text-transform); background-color: var(--awb-bg-color-hover);\">Universit\u00e0 Degli Studi di Milano (Italia).<\/span><\/h3><\/div><\/div><\/div><\/div><div class=\"fusion-builder-row fusion-builder-row-inner fusion-row fusion-flex-align-items-center fusion-flex-justify-content-center fusion-flex-content-wrap\" style=\"width:104% !important;max-width:104% !important;margin-left: calc(-4% \/ 2 );margin-right: calc(-4% \/ 2 );\"><div class=\"fusion-layout-column fusion_builder_column_inner fusion-builder-nested-column-2 fusion-flex-column fusion-flex-align-self-stretch\" style=\"--awb-bg-size:cover;--awb-width-large:10%;--awb-margin-top-large:0px;--awb-spacing-right-large:0px;--awb-margin-bottom-large:20px;--awb-spacing-left-large:19.2%;--awb-width-medium:10%;--awb-order-medium:0;--awb-spacing-right-medium:19.2%;--awb-spacing-left-medium:19.2%;--awb-width-small:100%;--awb-order-small:0;--awb-spacing-right-small:1.92%;--awb-spacing-left-small:1.92%;\"><div class=\"fusion-column-wrapper fusion-column-has-shadow fusion-flex-justify-content-flex-start fusion-content-layout-column\"><a class=\"fb-icon-element-2 fb-icon-element fontawesome-icon fa-scroll fas circle-yes fusion-text-flow fusion-link\" style=\"--awb-iconcolor:var(--awb-color5);--awb-iconcolor-hover:#ffffff;--awb-circlecolor:#f5f7f9;--awb-circlecolor-hover:#f5f7f9;--awb-circlebordercolor-hover:var(--awb-color8);--awb-circlebordersize:0px;--awb-font-size:42.24px;--awb-width:84.48px;--awb-height:84.48px;--awb-line-height:84.48px;--awb-border-radius-top-l:24px;--awb-border-radius-top-r:24px;--awb-border-radius-bot-r:24px;--awb-border-radius-bot-l:24px;--awb-margin-right:24px;--awb-sm-align-self:center;\" href=\"#\" target=\"_self\" aria-label=\"Link to #\"><\/a><\/div><\/div><div class=\"fusion-layout-column fusion_builder_column_inner fusion-builder-nested-column-3 fusion_builder_column_inner_3_5 3_5 fusion-flex-column fusion-flex-align-self-stretch\" style=\"--awb-bg-size:cover;--awb-width-large:60%;--awb-margin-top-large:0px;--awb-spacing-right-large:0%;--awb-margin-bottom-large:20px;--awb-spacing-left-large:3.2%;--awb-width-medium:60%;--awb-order-medium:0;--awb-spacing-right-medium:0%;--awb-spacing-left-medium:6.4%;--awb-width-small:100%;--awb-order-small:0;--awb-spacing-right-small:1.92%;--awb-spacing-left-small:1.92%;\"><div class=\"fusion-column-wrapper fusion-column-has-shadow fusion-flex-justify-content-flex-start fusion-content-layout-column\"><div class=\"fusion-title title fusion-title-6 fusion-sep-none fusion-title-text fusion-title-size-three\" style=\"--awb-text-color:#040d16;--awb-margin-top:12px;--awb-margin-bottom:12px;--awb-font-size:20px;\"><h3 class=\"fusion-title-heading title-heading-left sm-text-align-center\" style=\"font-family:&quot;Manrope&quot;;font-style:normal;font-weight:500;margin:0;letter-spacing:0.015em;text-transform:var(--awb-typography2-text-transform);font-size:1em;line-height:1.4em;\">Master 1 in \u201cPsicologia Clinica e Psicopatologia\u201d ottenuto presso l\u2019Institut Ren\u00e9 Descartes \u2013 Universit\u00e9 Paris V (Francia)<\/h3><\/div><\/div><\/div><\/div><\/div><\/div><div class=\"fusion-layout-column fusion_builder_column fusion-builder-column-8 fusion_builder_column_1_1 1_1 fusion-flex-column fusion-no-medium-visibility fusion-no-large-visibility fusion-column-inner-bg-wrapper\" style=\"--awb-inner-bg-size:cover;--awb-border-color:#dce0e3;--awb-border-bottom:1px;--awb-border-style:dashed;--awb-transform:translateY(0px);--awb-transform-hover:translateY(-15px);--awb-width-large:100%;--awb-margin-top-large:0px;--awb-spacing-right-large:1.92%;--awb-margin-bottom-large:30px;--awb-spacing-left-large:1.92%;--awb-width-medium:100%;--awb-order-medium:0;--awb-spacing-right-medium:1.92%;--awb-spacing-left-medium:1.92%;--awb-width-small:100%;--awb-order-small:0;--awb-spacing-right-small:1.92%;--awb-spacing-left-small:1.92%;\"><span class=\"fusion-column-inner-bg hover-type-none\"><a class=\"fusion-column-anchor\" href=\"#\"><span class=\"fusion-column-inner-bg-image\"><\/span><\/a><\/span><div class=\"fusion-column-wrapper fusion-column-has-shadow fusion-flex-justify-content-flex-start fusion-content-layout-column\"><div class=\"fusion-builder-row fusion-builder-row-inner fusion-row fusion-flex-align-items-center fusion-flex-justify-content-center fusion-flex-content-wrap\" style=\"width:104% !important;max-width:104% !important;margin-left: calc(-4% \/ 2 );margin-right: calc(-4% \/ 2 );\"><div class=\"fusion-layout-column fusion_builder_column_inner fusion-builder-nested-column-4 fusion-flex-column fusion-flex-align-self-stretch\" style=\"--awb-bg-size:cover;--awb-transition:filter 300ms ease-in, transform 300ms ease-in, background-color 300ms ease-in, border-color 300ms ease-in;--awb-width-large:10%;--awb-margin-top-large:0px;--awb-spacing-right-large:0px;--awb-margin-bottom-large:20px;--awb-spacing-left-large:19.2%;--awb-width-medium:10%;--awb-order-medium:0;--awb-spacing-right-medium:19.2%;--awb-spacing-left-medium:19.2%;--awb-width-small:100%;--awb-order-small:0;--awb-spacing-right-small:1.92%;--awb-spacing-left-small:1.92%;\"><div class=\"fusion-column-wrapper fusion-column-has-shadow fusion-flex-justify-content-flex-start fusion-content-layout-column\"><a class=\"fb-icon-element-3 fb-icon-element fontawesome-icon fa-clinic-medical fas circle-yes fusion-text-flow fusion-link\" style=\"--awb-iconcolor:var(--awb-color4);--awb-iconcolor-hover:#ffffff;--awb-circlecolor:#f5f7f9;--awb-circlecolor-hover:#f5f7f9;--awb-circlebordercolor-hover:var(--awb-color8);--awb-circlebordersize:0px;--awb-font-size:42.24px;--awb-width:84.48px;--awb-height:84.48px;--awb-line-height:84.48px;--awb-border-radius-top-l:24px;--awb-border-radius-top-r:24px;--awb-border-radius-bot-r:24px;--awb-border-radius-bot-l:24px;--awb-margin-right:24px;--awb-sm-align-self:center;\" href=\"#\" target=\"_self\" aria-label=\"Link to #\"><\/a><\/div><\/div><div class=\"fusion-layout-column fusion_builder_column_inner fusion-builder-nested-column-5 fusion_builder_column_inner_3_5 3_5 fusion-flex-column fusion-flex-align-self-stretch\" style=\"--awb-bg-size:cover;--awb-width-large:60%;--awb-margin-top-large:0px;--awb-spacing-right-large:0%;--awb-margin-bottom-large:20px;--awb-spacing-left-large:3.2%;--awb-width-medium:60%;--awb-order-medium:0;--awb-spacing-right-medium:0%;--awb-spacing-left-medium:6.4%;--awb-width-small:100%;--awb-order-small:0;--awb-spacing-right-small:1.92%;--awb-spacing-left-small:1.92%;\"><div class=\"fusion-column-wrapper fusion-column-has-shadow fusion-flex-justify-content-flex-start fusion-content-layout-column\"><div class=\"fusion-title title fusion-title-7 fusion-sep-none fusion-title-text fusion-title-size-three\" style=\"--awb-text-color:#040d16;--awb-margin-top:12px;--awb-margin-bottom:12px;--awb-font-size:16px;\"><h3 class=\"fusion-title-heading title-heading-left sm-text-align-center\" style=\"font-family:&quot;Manrope&quot;;font-style:normal;font-weight:500;margin:0;letter-spacing:0.015em;text-transform:var(--awb-typography2-text-transform);font-size:1em;line-height:1.4em;\">Master 2 in \u201cPsicologia Clinica, dello Sviluppo e Neuropsicologia\u201d ottenuto presso l\u2019<span style=\"color: var(--awb-text-color); font-size: 1em; letter-spacing: 0.015em; text-transform: var(--awb-typography2-text-transform); background-color: var(--awb-bg-color-hover);\">Universit\u00e0 Degli Studi di Milano (Italia).<\/span><\/h3><\/div><\/div><\/div><\/div><div class=\"fusion-builder-row fusion-builder-row-inner fusion-row fusion-flex-align-items-center fusion-flex-justify-content-center fusion-flex-content-wrap\" style=\"width:104% !important;max-width:104% !important;margin-left: calc(-4% \/ 2 );margin-right: calc(-4% \/ 2 );\"><div class=\"fusion-layout-column fusion_builder_column_inner fusion-builder-nested-column-6 fusion-flex-column fusion-flex-align-self-stretch\" style=\"--awb-bg-size:cover;--awb-width-large:10%;--awb-margin-top-large:0px;--awb-spacing-right-large:0px;--awb-margin-bottom-large:20px;--awb-spacing-left-large:19.2%;--awb-width-medium:10%;--awb-order-medium:0;--awb-spacing-right-medium:19.2%;--awb-spacing-left-medium:19.2%;--awb-width-small:100%;--awb-order-small:0;--awb-spacing-right-small:1.92%;--awb-spacing-left-small:1.92%;\"><div class=\"fusion-column-wrapper fusion-column-has-shadow fusion-flex-justify-content-flex-start fusion-content-layout-column\"><a class=\"fb-icon-element-4 fb-icon-element fontawesome-icon fa-scroll fas circle-yes fusion-text-flow fusion-link\" style=\"--awb-iconcolor:var(--awb-color5);--awb-iconcolor-hover:#ffffff;--awb-circlecolor:#f5f7f9;--awb-circlecolor-hover:#f5f7f9;--awb-circlebordercolor-hover:var(--awb-color8);--awb-circlebordersize:0px;--awb-font-size:42.24px;--awb-width:84.48px;--awb-height:84.48px;--awb-line-height:84.48px;--awb-border-radius-top-l:24px;--awb-border-radius-top-r:24px;--awb-border-radius-bot-r:24px;--awb-border-radius-bot-l:24px;--awb-margin-right:24px;--awb-sm-align-self:center;\" href=\"#\" target=\"_self\" aria-label=\"Link to #\"><\/a><\/div><\/div><div class=\"fusion-layout-column fusion_builder_column_inner fusion-builder-nested-column-7 fusion_builder_column_inner_3_5 3_5 fusion-flex-column fusion-flex-align-self-stretch\" style=\"--awb-bg-size:cover;--awb-width-large:60%;--awb-margin-top-large:0px;--awb-spacing-right-large:0%;--awb-margin-bottom-large:20px;--awb-spacing-left-large:3.2%;--awb-width-medium:60%;--awb-order-medium:0;--awb-spacing-right-medium:0%;--awb-spacing-left-medium:6.4%;--awb-width-small:100%;--awb-order-small:0;--awb-spacing-right-small:1.92%;--awb-spacing-left-small:1.92%;\"><div class=\"fusion-column-wrapper fusion-column-has-shadow fusion-flex-justify-content-flex-start fusion-content-layout-column\"><div class=\"fusion-title title fusion-title-8 fusion-sep-none fusion-title-text fusion-title-size-three\" style=\"--awb-text-color:#040d16;--awb-margin-top:12px;--awb-margin-bottom:12px;--awb-font-size:16px;\"><h3 class=\"fusion-title-heading title-heading-left sm-text-align-center\" style=\"font-family:&quot;Manrope&quot;;font-style:normal;font-weight:500;margin:0;letter-spacing:0.015em;text-transform:var(--awb-typography2-text-transform);font-size:1em;line-height:1.4em;\">Master 1 in \u201cPsicologia Clinica e Psicopatologia\u201d ottenuto presso l\u2019Institut Ren\u00e9 Descartes \u2013 Universit\u00e9 Paris V (Francia)<\/h3><\/div><\/div><\/div><\/div><\/div><\/div><\/div><\/div><div class=\"fusion-fullwidth fullwidth-box fusion-builder-row-3 fusion-flex-container nonhundred-percent-fullwidth non-hundred-percent-height-scrolling\" style=\"--link_hover_color: #f25534;--link_color: #040d16;--awb-border-radius-top-left:0px;--awb-border-radius-top-right:0px;--awb-border-radius-bottom-right:0px;--awb-border-radius-bottom-left:0px;--awb-padding-top:17.994299999999996px;--awb-padding-bottom:0px;--awb-background-color:#ffffff;--awb-flex-wrap:wrap;\" ><div class=\"fusion-builder-row fusion-row fusion-flex-align-items-center fusion-flex-justify-content-center fusion-flex-content-wrap\" style=\"max-width:1248px;margin-left: calc(-4% \/ 2 );margin-right: calc(-4% \/ 2 );\"><div class=\"fusion-layout-column fusion_builder_column fusion-builder-column-9 fusion_builder_column_1_1 1_1 fusion-flex-column fusion-no-small-visibility\" style=\"--awb-bg-size:cover;--awb-border-color:#dce0e3;--awb-border-style:dashed;--awb-transform:translateY(0px);--awb-transform-hover:translateY(-15px);--awb-width-large:100%;--awb-margin-top-large:0px;--awb-spacing-right-large:1.92%;--awb-margin-bottom-large:30px;--awb-spacing-left-large:1.92%;--awb-width-medium:100%;--awb-order-medium:0;--awb-spacing-right-medium:1.92%;--awb-spacing-left-medium:1.92%;--awb-width-small:100%;--awb-order-small:0;--awb-spacing-right-small:1.92%;--awb-spacing-left-small:1.92%;\"><div class=\"fusion-column-wrapper fusion-column-has-shadow fusion-flex-justify-content-flex-start fusion-content-layout-column\"><div class=\"fusion-title title fusion-title-9 fusion-sep-none fusion-title-center fusion-title-text fusion-title-size-three\"><h3 class=\"fusion-title-heading title-heading-center\" style=\"margin:0;\"><\/h3><\/div><div class=\"fusion-builder-row fusion-builder-row-inner fusion-row fusion-flex-align-items-center fusion-flex-justify-content-center fusion-flex-content-wrap\" style=\"width:104% !important;max-width:104% !important;margin-left: calc(-4% \/ 2 );margin-right: calc(-4% \/ 2 );\"><div class=\"fusion-layout-column fusion_builder_column_inner fusion-builder-nested-column-8 fusion_builder_column_inner_1_1 1_1 fusion-flex-column\" style=\"--awb-bg-size:cover;--awb-width-large:100%;--awb-margin-top-large:0px;--awb-spacing-right-large:1.92%;--awb-margin-bottom-large:20px;--awb-spacing-left-large:1.92%;--awb-width-medium:100%;--awb-order-medium:0;--awb-spacing-right-medium:1.92%;--awb-spacing-left-medium:1.92%;--awb-width-small:100%;--awb-order-small:0;--awb-spacing-right-small:1.92%;--awb-spacing-left-small:1.92%;\"><div class=\"fusion-column-wrapper fusion-column-has-shadow fusion-flex-justify-content-flex-start fusion-content-layout-column\"><div class=\"fusion-title title fusion-title-10 fusion-sep-none fusion-title-text fusion-title-size-four\" style=\"--awb-margin-left:16%;\"><h4 class=\"fusion-title-heading title-heading-left\" style=\"margin:0;\">Terapeuta EMDR<\/h4><\/div><\/div><\/div><div class=\"fusion-layout-column fusion_builder_column_inner fusion-builder-nested-column-9 fusion-flex-column fusion-flex-align-self-center\" style=\"--awb-bg-size:cover;--awb-width-large:10%;--awb-margin-top-large:0px;--awb-spacing-right-large:0px;--awb-margin-bottom-large:20px;--awb-spacing-left-large:19.2%;--awb-width-medium:10%;--awb-order-medium:0;--awb-spacing-right-medium:19.2%;--awb-spacing-left-medium:19.2%;--awb-width-small:100%;--awb-order-small:0;--awb-spacing-right-small:1.92%;--awb-spacing-left-small:1.92%;\"><div class=\"fusion-column-wrapper fusion-column-has-shadow fusion-flex-justify-content-flex-start fusion-content-layout-column\"><a class=\"fb-icon-element-5 fb-icon-element fontawesome-icon fa-eye fas circle-yes fusion-text-flow fusion-link\" style=\"--awb-iconcolor:var(--awb-color5);--awb-iconcolor-hover:#ffffff;--awb-circlecolor:#f5f7f9;--awb-circlecolor-hover:#f5f7f9;--awb-circlebordercolor-hover:var(--awb-color8);--awb-circlebordersize:0px;--awb-font-size:42.24px;--awb-width:84.48px;--awb-height:84.48px;--awb-line-height:84.48px;--awb-border-radius-top-l:24px;--awb-border-radius-top-r:24px;--awb-border-radius-bot-r:24px;--awb-border-radius-bot-l:24px;--awb-margin-right:24px;--awb-sm-align-self:center;\" href=\"#\" target=\"_self\" aria-label=\"Link to #\"><\/a><\/div><\/div><div class=\"fusion-layout-column fusion_builder_column_inner fusion-builder-nested-column-10 fusion_builder_column_inner_3_5 3_5 fusion-flex-column fusion-flex-align-self-stretch\" style=\"--awb-bg-size:cover;--awb-width-large:60%;--awb-margin-top-large:0px;--awb-spacing-right-large:0%;--awb-margin-bottom-large:20px;--awb-spacing-left-large:3.2%;--awb-width-medium:60%;--awb-order-medium:0;--awb-spacing-right-medium:0%;--awb-spacing-left-medium:6.4%;--awb-width-small:100%;--awb-order-small:0;--awb-spacing-right-small:1.92%;--awb-spacing-left-small:1.92%;\"><div class=\"fusion-column-wrapper fusion-column-has-shadow fusion-flex-justify-content-flex-start fusion-content-layout-column\"><div class=\"fusion-title title fusion-title-11 fusion-sep-none fusion-title-text fusion-title-size-three fusion-animated\" style=\"--awb-text-color:#040d16;--awb-margin-top:12px;--awb-margin-bottom:12px;--awb-font-size:20px;\" data-animationType=\"fadeInRight\" data-animationDuration=\"0.7\" data-animationOffset=\"top-into-view\"><h3 class=\"fusion-title-heading title-heading-left sm-text-align-center\" style=\"font-family:&quot;Manrope&quot;;font-style:normal;font-weight:500;margin:0;letter-spacing:0.015em;text-transform:var(--awb-typography2-text-transform);font-size:1em;line-height:1.4em;\"><div>Formazione certificante EMDR<br \/>\nAssociazione EMDR Milano (Italia)<br \/>\nPercorso di supervisione clinica individuale e di gruppo<br \/>\nValidazione del percorso e ottenimento del titolo di \u201cPractitioner EMDR\u201d<\/div><\/h3><\/div><\/div><\/div><\/div><div style=\"text-align:center;\"><a class=\"fusion-button button-flat fusion-button-default-size button-default fusion-button-default button-3 fusion-button-default-span fusion-button-default-type\" style=\"--button_margin-bottom:3%;\" target=\"_self\" href=\"https:\/\/www.psychologue-fornillo.com\/it\/terapia-emdr\/\"><span class=\"fusion-button-text awb-button__text awb-button__text--default\">Scopri di pi\u00f9 sulla Terapia EMDR<\/span><\/a><\/div><div class=\"fusion-modal modal fade modal-1 terapia\" tabindex=\"-1\" role=\"dialog\" aria-labelledby=\"modal-heading-1\" aria-hidden=\"true\" style=\"--awb-border-color:var(--awb-color3);--awb-background:var(--awb-color1);\"><div class=\"modal-dialog modal-lg\" role=\"document\"><div class=\"modal-content fusion-modal-content\"><div class=\"modal-header\"><button class=\"close\" type=\"button\" data-dismiss=\"modal\" aria-hidden=\"true\" aria-label=\"Close\">&times;<\/button><h3 class=\"modal-title\" id=\"modal-heading-1\" data-dismiss=\"modal\" aria-hidden=\"true\">LA TERAPIA EMDR<\/h3><\/div><div class=\"modal-body fusion-clearfix\">In caso di eventi traumatici passati o vissuti di recente, <strong>la terapia EMDR <\/strong>\u00e8 scientificamente riconosciuta per la sua capacit\u00e0 di elaborare i traumi (abusi, violenze, aggressioni, lutti, malattie, eventi di ogni tipo che sono traumatici per la persona).<br \/>\nLa terapia EMDR: \u00e8 oggetto di numerosi studi scientifici internazionali. \u00c8 <strong>riconosciuta nel trattamento del disturbo da stress post-traumatico da l<\/strong><strong>\u2019<\/strong><strong>OMS (2013), l<\/strong><strong>\u2019<\/strong><strong>INSERM (2004 e 2015) e l\u2019Alta Autorit\u00e0 della Sanit\u00e0 (2007).<\/strong><\/p>\n<p>\u00c8 una tecnica che permette di <strong>desensibilizzare e archiviare gli eventi traumatici <\/strong>affinch\u00e9 non disturbino pi\u00f9 la persona nel tempo presente.<br \/>\nQuesto meccanismo neuro-emotivo innescato dai movimenti oculari permette di superare esperienze traumatiche non elaborate responsabili di diversi sintomi, a volte molto invalidanti. <strong>Si possono cos\u00ec curare le sequele traumatiche anche a distanza di molti anni dop<\/strong><strong>o<\/strong><strong>.<\/strong><\/p>\n<div class=\"fusion-button-wrapper\"><a class=\"fusion-button button-flat fusion-button-default-size button-default fusion-button-default button-4 fusion-button-default-span fusion-button-default-type\" target=\"_self\" href=\"https:\/\/www.psychologue-fornillo.com\/prise-de-rendez-vous\/\"><span class=\"fusion-button-text awb-button__text awb-button__text--default\">Prenota un appuntamento<\/span><\/a><\/div><\/div><\/div><\/div><\/div><div class=\"fusion-builder-row fusion-builder-row-inner fusion-row fusion-flex-align-items-center fusion-flex-justify-content-center fusion-flex-content-wrap\" style=\"width:104% !important;max-width:104% !important;margin-left: calc(-4% \/ 2 );margin-right: calc(-4% \/ 2 );\"><div class=\"fusion-layout-column fusion_builder_column_inner fusion-builder-nested-column-11 fusion_builder_column_inner_1_1 1_1 fusion-flex-column\" style=\"--awb-bg-size:cover;--awb-width-large:100%;--awb-margin-top-large:0px;--awb-spacing-right-large:1.92%;--awb-margin-bottom-large:20px;--awb-spacing-left-large:1.92%;--awb-width-medium:100%;--awb-order-medium:0;--awb-spacing-right-medium:1.92%;--awb-spacing-left-medium:1.92%;--awb-width-small:100%;--awb-order-small:0;--awb-spacing-right-small:1.92%;--awb-spacing-left-small:1.92%;\"><div class=\"fusion-column-wrapper fusion-column-has-shadow fusion-flex-justify-content-flex-start fusion-content-layout-column\"><div class=\"fusion-title title fusion-title-12 fusion-sep-none fusion-title-text fusion-title-size-four\" style=\"--awb-margin-left:16%;\"><h4 class=\"fusion-title-heading title-heading-left\" style=\"margin:0;\"><p class=\"fusion-title-heading title-heading-left sm-text-align-center fusion-responsive-typography-calculated\" data-fontsize=\"20\" data-lineheight=\"28px\">Terapeuta in Terapia Strategica Breve<\/p><\/h4><\/div><\/div><\/div><div class=\"fusion-layout-column fusion_builder_column_inner fusion-builder-nested-column-12 fusion-flex-column fusion-flex-align-self-center\" style=\"--awb-bg-size:cover;--awb-width-large:10%;--awb-margin-top-large:0px;--awb-spacing-right-large:0px;--awb-margin-bottom-large:20px;--awb-spacing-left-large:19.2%;--awb-width-medium:10%;--awb-order-medium:0;--awb-spacing-right-medium:19.2%;--awb-spacing-left-medium:19.2%;--awb-width-small:100%;--awb-order-small:0;--awb-spacing-right-small:1.92%;--awb-spacing-left-small:1.92%;\"><div class=\"fusion-column-wrapper fusion-column-has-shadow fusion-flex-justify-content-flex-start fusion-content-layout-column\"><a class=\"fb-icon-element-6 fb-icon-element fontawesome-icon fa-hourglass-start fas circle-yes fusion-text-flow fusion-link\" style=\"--awb-iconcolor:var(--awb-color4);--awb-iconcolor-hover:#ffffff;--awb-circlecolor:#f5f7f9;--awb-circlecolor-hover:#f5f7f9;--awb-circlebordercolor-hover:var(--awb-color8);--awb-circlebordersize:0px;--awb-font-size:42.24px;--awb-width:84.48px;--awb-height:84.48px;--awb-line-height:84.48px;--awb-border-radius-top-l:24px;--awb-border-radius-top-r:24px;--awb-border-radius-bot-r:24px;--awb-border-radius-bot-l:24px;--awb-margin-right:24px;--awb-sm-align-self:center;\" href=\"#\" target=\"_self\" aria-label=\"Link to #\"><\/a><\/div><\/div><div class=\"fusion-layout-column fusion_builder_column_inner fusion-builder-nested-column-13 fusion_builder_column_inner_3_5 3_5 fusion-flex-column fusion-flex-align-self-stretch\" style=\"--awb-bg-size:cover;--awb-width-large:60%;--awb-margin-top-large:0px;--awb-spacing-right-large:0%;--awb-margin-bottom-large:20px;--awb-spacing-left-large:3.2%;--awb-width-medium:60%;--awb-order-medium:0;--awb-spacing-right-medium:0%;--awb-spacing-left-medium:6.4%;--awb-width-small:100%;--awb-order-small:0;--awb-spacing-right-small:1.92%;--awb-spacing-left-small:1.92%;\"><div class=\"fusion-column-wrapper fusion-column-has-shadow fusion-flex-justify-content-flex-start fusion-content-layout-column\"><div class=\"fusion-title title fusion-title-13 fusion-sep-none fusion-title-text fusion-title-size-three\" style=\"--awb-text-color:#040d16;--awb-margin-top:12px;--awb-margin-bottom:12px;--awb-font-size:20px;\"><h3 class=\"fusion-title-heading title-heading-left sm-text-align-center\" style=\"font-family:&quot;Manrope&quot;;font-style:normal;font-weight:500;margin:0;letter-spacing:0.015em;text-transform:var(--awb-typography2-text-transform);font-size:1em;line-height:1.4em;\"><p>Master in Psicologia Clinica Strategica<br \/>\nCentro di Terapia Strategica: Research, Training and Psychotherapy Institute &#8211; Giorgio Nardone (Italia).<\/p><\/h3><\/div><\/div><\/div><\/div><div style=\"text-align:center;\"><a class=\"fusion-button button-flat fusion-button-default-size button-default fusion-button-default button-5 fusion-button-default-span fusion-button-default-type\" style=\"--button_margin-bottom:3%;\" target=\"_self\" href=\"https:\/\/www.psychologue-fornillo.com\/it\/terapia-strategica-breve\/\"><span class=\"fusion-button-text awb-button__text awb-button__text--default\">Scopri di pi\u00f9 sulla Terapia Strategica Breve<\/span><\/a><\/div><div class=\"fusion-modal modal fade modal-2 stratbreve\" tabindex=\"-1\" role=\"dialog\" aria-labelledby=\"modal-heading-2\" aria-hidden=\"true\" style=\"--awb-border-color:var(--awb-color3);--awb-background:var(--awb-color1);\"><div class=\"modal-dialog modal-lg\" role=\"document\"><div class=\"modal-content fusion-modal-content\"><div class=\"modal-header\"><button class=\"close\" type=\"button\" data-dismiss=\"modal\" aria-hidden=\"true\" aria-label=\"Close\">&times;<\/button><h3 class=\"modal-title\" id=\"modal-heading-2\" data-dismiss=\"modal\" aria-hidden=\"true\">LA TERAPIA STRATEGICA BREVE<\/h3><\/div><div class=\"modal-body fusion-clearfix\"><strong>La terapia strategica breve permette di raggiungere risultati e la risoluzione delle problematiche dell\u2019individuo nel minor tempo possibile.<\/strong><\/p>\n<p>La terapia breve strategica \u00e8 stata sviluppata dai ricercatori della scuola di Palo Alto in California e si basa sulla percezione che il paziente ha della realt\u00e0. Il terapeuta deve quindi focalizzarsi su come funziona nel tempo presente, nel \u201cqui e ora\u201d per trovare strategie per superarlo.<\/p>\n<p>La terapia breve strategica \u00e8 un <strong>modello di intervento innovativo che ha la capacit\u00e0 di produrre cambiamenti in tempi brevi<\/strong> anche in situazioni in cui i disturbi sono profondi e presenti da diversi anni.<\/p>\n<p>La terapia segue una <strong>metodologia rigorosa basata su ricerche empiriche e sperimentali<\/strong> e rappresenta una prospettiva rivoluzionaria rispetto alle forme convenzionali di intervento terapeutico.<br \/>\nSi tratta di un intervento:<\/p>\n<ul>\n<li><strong>Breve:<\/strong> la terapia strategica breve si occupa di <strong>eliminare i sintomi e i comportamenti disfunzionali presenti nel soggetto<\/strong><\/li>\n<li><strong>Focalizzata:<\/strong> la terapia strategica breve si concentra su un <strong>obiettivo di cambiamento concreto<\/strong>, questo obiettivo \u00e8 definito congiuntamente con il terapeuta.<\/li>\n<li><strong>Radicale:<\/strong> la terapia strategica breve mira a modificare la rappresentazione che il soggetto ha del proprio problema con il <strong>recupero della fiducia nelle proprie capacit\u00e0, mezzi e risorse<\/strong><\/li>\n<li><strong>Efficace:<\/strong> la terapia strategica breve <strong>produce un cambiamento nell\u201987% dei casi<\/strong> e il cambiamento \u00e8 permanente perch\u00e9 non si notano ricadute al problema presentato.<\/li>\n<li><strong>Non farmacologica:<\/strong> <strong>nessun trattamento farmacologico<\/strong> deve essere assunto. Si utilizzano solo metodi psicologici<\/li>\n<\/ul>\n<div class=\"fusion-button-wrapper\"><a class=\"fusion-button button-flat fusion-button-default-size button-default fusion-button-default button-6 fusion-button-default-span fusion-button-default-type\" target=\"_self\" href=\"https:\/\/www.psychologue-fornillo.com\/prise-de-rendez-vous\/\"><span class=\"fusion-button-text awb-button__text awb-button__text--default\">Prenota un appuntamento<\/span><\/a><\/div><\/div><\/div><\/div><\/div><div class=\"fusion-builder-row fusion-builder-row-inner fusion-row fusion-flex-align-items-center fusion-flex-justify-content-center fusion-flex-content-wrap\" style=\"width:104% !important;max-width:104% !important;margin-left: calc(-4% \/ 2 );margin-right: calc(-4% \/ 2 );\"><div class=\"fusion-layout-column fusion_builder_column_inner fusion-builder-nested-column-14 fusion_builder_column_inner_1_1 1_1 fusion-flex-column\" style=\"--awb-bg-size:cover;--awb-width-large:100%;--awb-margin-top-large:0px;--awb-spacing-right-large:1.92%;--awb-margin-bottom-large:20px;--awb-spacing-left-large:1.92%;--awb-width-medium:100%;--awb-order-medium:0;--awb-spacing-right-medium:1.92%;--awb-spacing-left-medium:1.92%;--awb-width-small:100%;--awb-order-small:0;--awb-spacing-right-small:1.92%;--awb-spacing-left-small:1.92%;\"><div class=\"fusion-column-wrapper fusion-column-has-shadow fusion-flex-justify-content-flex-start fusion-content-layout-column\"><div class=\"fusion-title title fusion-title-14 fusion-sep-none fusion-title-text fusion-title-size-four\" style=\"--awb-margin-left:16%;\"><h4 class=\"fusion-title-heading title-heading-left\" style=\"margin:0;\">Terapeuta in Terapia degli Schemi<\/h4><\/div><\/div><\/div><div class=\"fusion-layout-column fusion_builder_column_inner fusion-builder-nested-column-15 fusion-flex-column fusion-flex-align-self-center\" style=\"--awb-bg-size:cover;--awb-transition:filter 300ms ease-in, transform 300ms ease-in, background-color 300ms ease-in, border-color 300ms ease-in;--awb-width-large:10%;--awb-margin-top-large:0px;--awb-spacing-right-large:0px;--awb-margin-bottom-large:20px;--awb-spacing-left-large:19.2%;--awb-width-medium:10%;--awb-order-medium:0;--awb-spacing-right-medium:19.2%;--awb-spacing-left-medium:19.2%;--awb-width-small:100%;--awb-order-small:0;--awb-spacing-right-small:1.92%;--awb-spacing-left-small:1.92%;\"><div class=\"fusion-column-wrapper fusion-column-has-shadow fusion-flex-justify-content-center fusion-content-layout-column\"><a class=\"fb-icon-element-7 fb-icon-element fontawesome-icon fa-project-diagram fas circle-yes fusion-text-flow fusion-link\" style=\"--awb-iconcolor:var(--awb-color5);--awb-iconcolor-hover:#ffffff;--awb-circlecolor:#f5f7f9;--awb-circlecolor-hover:#f5f7f9;--awb-circlebordercolor-hover:var(--awb-color8);--awb-circlebordersize:0px;--awb-font-size:42.24px;--awb-width:84.48px;--awb-height:84.48px;--awb-line-height:84.48px;--awb-border-radius-top-l:24px;--awb-border-radius-top-r:24px;--awb-border-radius-bot-r:24px;--awb-border-radius-bot-l:24px;--awb-margin-right:24px;--awb-sm-align-self:center;\" href=\"#\" target=\"_self\" aria-label=\"Link to #\"><\/a><\/div><\/div><div class=\"fusion-layout-column fusion_builder_column_inner fusion-builder-nested-column-16 fusion_builder_column_inner_3_5 3_5 fusion-flex-column fusion-flex-align-self-stretch\" style=\"--awb-bg-size:cover;--awb-width-large:60%;--awb-margin-top-large:0px;--awb-spacing-right-large:0%;--awb-margin-bottom-large:20px;--awb-spacing-left-large:3.2%;--awb-width-medium:60%;--awb-order-medium:0;--awb-spacing-right-medium:0%;--awb-spacing-left-medium:6.4%;--awb-width-small:100%;--awb-order-small:0;--awb-spacing-right-small:1.92%;--awb-spacing-left-small:1.92%;\"><div class=\"fusion-column-wrapper fusion-column-has-shadow fusion-flex-justify-content-flex-start fusion-content-layout-column\"><div class=\"fusion-title title fusion-title-15 fusion-sep-none fusion-title-text fusion-title-size-three\" style=\"--awb-text-color:#040d16;--awb-margin-top:12px;--awb-margin-bottom:12px;--awb-font-size:20px;\"><h3 class=\"fusion-title-heading title-heading-left sm-text-align-center\" style=\"font-family:&quot;Manrope&quot;;font-style:normal;font-weight:500;margin:0;letter-spacing:0.015em;text-transform:var(--awb-typography2-text-transform);font-size:1em;line-height:1.4em;\"><p>Formazione certificante in Terapia degli Schemi<br \/>\nCentro di formazione \u201cStudi cognitivi\u201d &#8211; Rimini (Italia)<br \/>\nPercorso di supervisione clinica individuale e di gruppo<\/p><\/h3><\/div><\/div><\/div><\/div><div style=\"text-align:center;\"><a class=\"fusion-button button-flat fusion-button-default-size button-default fusion-button-default button-7 fusion-button-default-span fusion-button-default-type\" style=\"--button_margin-bottom:3%;\" target=\"_self\" href=\"https:\/\/www.psychologue-fornillo.com\/it\/terapia-degli-schemi\/\"><span class=\"fusion-button-text awb-button__text awb-button__text--default\">Scopri di pi\u00f9 sulla Terapia degli Schemi<\/span><\/a><\/div><div class=\"fusion-builder-row fusion-builder-row-inner fusion-row fusion-flex-align-items-center fusion-flex-justify-content-center fusion-flex-content-wrap\" style=\"width:104% !important;max-width:104% !important;margin-left: calc(-4% \/ 2 );margin-right: calc(-4% \/ 2 );\"><div class=\"fusion-layout-column fusion_builder_column_inner fusion-builder-nested-column-17 fusion_builder_column_inner_1_1 1_1 fusion-flex-column\" style=\"--awb-bg-size:cover;--awb-width-large:100%;--awb-margin-top-large:0px;--awb-spacing-right-large:1.92%;--awb-margin-bottom-large:20px;--awb-spacing-left-large:1.92%;--awb-width-medium:100%;--awb-order-medium:0;--awb-spacing-right-medium:1.92%;--awb-spacing-left-medium:1.92%;--awb-width-small:100%;--awb-order-small:0;--awb-spacing-right-small:1.92%;--awb-spacing-left-small:1.92%;\"><div class=\"fusion-column-wrapper fusion-column-has-shadow fusion-flex-justify-content-flex-start fusion-content-layout-column\"><div class=\"fusion-title title fusion-title-16 fusion-sep-none fusion-title-text fusion-title-size-four\" style=\"--awb-margin-left:16%;\"><h4 class=\"fusion-title-heading title-heading-left\" style=\"margin:0;\">Terapeuta in Terapia LI-ICV<\/h4><\/div><\/div><\/div><div class=\"fusion-layout-column fusion_builder_column_inner fusion-builder-nested-column-18 fusion-flex-column fusion-flex-align-self-center\" style=\"--awb-bg-size:cover;--awb-transition:filter 300ms ease-in, transform 300ms ease-in, background-color 300ms ease-in, border-color 300ms ease-in;--awb-width-large:10%;--awb-margin-top-large:0px;--awb-spacing-right-large:0px;--awb-margin-bottom-large:20px;--awb-spacing-left-large:19.2%;--awb-width-medium:10%;--awb-order-medium:0;--awb-spacing-right-medium:19.2%;--awb-spacing-left-medium:19.2%;--awb-width-small:100%;--awb-order-small:0;--awb-spacing-right-small:1.92%;--awb-spacing-left-small:1.92%;\"><div class=\"fusion-column-wrapper fusion-column-has-shadow fusion-flex-justify-content-center fusion-content-layout-column\"><a class=\"fb-icon-element-8 fb-icon-element fontawesome-icon fa-leaf fas circle-yes fusion-text-flow fusion-link\" style=\"--awb-iconcolor:var(--awb-color4);--awb-iconcolor-hover:#ffffff;--awb-circlecolor:#f5f7f9;--awb-circlecolor-hover:#f5f7f9;--awb-circlebordercolor-hover:var(--awb-color8);--awb-circlebordersize:0px;--awb-font-size:42.24px;--awb-width:84.48px;--awb-height:84.48px;--awb-line-height:84.48px;--awb-border-radius-top-l:24px;--awb-border-radius-top-r:24px;--awb-border-radius-bot-r:24px;--awb-border-radius-bot-l:24px;--awb-margin-right:24px;--awb-sm-align-self:center;\" href=\"#\" target=\"_self\" aria-label=\"Link to #\"><\/a><\/div><\/div><div class=\"fusion-layout-column fusion_builder_column_inner fusion-builder-nested-column-19 fusion_builder_column_inner_3_5 3_5 fusion-flex-column fusion-flex-align-self-stretch\" style=\"--awb-bg-size:cover;--awb-width-large:60%;--awb-margin-top-large:0px;--awb-spacing-right-large:0%;--awb-margin-bottom-large:20px;--awb-spacing-left-large:3.2%;--awb-width-medium:60%;--awb-order-medium:0;--awb-spacing-right-medium:0%;--awb-spacing-left-medium:6.4%;--awb-width-small:100%;--awb-order-small:0;--awb-spacing-right-small:1.92%;--awb-spacing-left-small:1.92%;\"><div class=\"fusion-column-wrapper fusion-column-has-shadow fusion-flex-justify-content-flex-start fusion-content-layout-column\"><div class=\"fusion-title title fusion-title-17 fusion-sep-none fusion-title-text fusion-title-size-three\" style=\"--awb-text-color:#040d16;--awb-margin-top:12px;--awb-margin-bottom:12px;--awb-font-size:20px;\"><h3 class=\"fusion-title-heading title-heading-left sm-text-align-center\" style=\"font-family:&quot;Manrope&quot;;font-style:normal;font-weight:500;margin:0;letter-spacing:0.015em;text-transform:var(--awb-typography2-text-transform);font-size:1em;line-height:1.4em;\"><div>Formazione sull\u2019Integrazione del Ciclo di Vita<\/div>\n<div>Livello 1 e 2<\/div>\n<div>Institut Double H\u00e9lice &#8211; Parigi<\/div><\/h3><\/div><\/div><\/div><\/div><div style=\"text-align:center;\"><a class=\"fusion-button button-flat fusion-button-default-size button-default fusion-button-default button-8 fusion-button-default-span fusion-button-default-type\" style=\"--button_margin-bottom:3%;\" target=\"_self\" href=\"https:\/\/www.psychologue-fornillo.com\/it\/terapia-dellintegrazione-del-ciclo-di-vita-li-icv\/\"><span class=\"fusion-button-text awb-button__text awb-button__text--default\">Scopri di pi\u00f9 sulla Terapia LI-ICV<\/span><\/a><\/div><div class=\"fusion-modal modal fade modal-3 therapieschemas\" tabindex=\"-1\" role=\"dialog\" aria-labelledby=\"modal-heading-3\" aria-hidden=\"true\" style=\"--awb-border-color:var(--awb-color3);--awb-background:var(--awb-color1);\"><div class=\"modal-dialog modal-lg\" role=\"document\"><div class=\"modal-content fusion-modal-content\"><div class=\"modal-header\"><button class=\"close\" type=\"button\" data-dismiss=\"modal\" aria-hidden=\"true\" aria-label=\"Close\">&times;<\/button><h3 class=\"modal-title\" id=\"modal-heading-3\" data-dismiss=\"modal\" aria-hidden=\"true\">LA TERAPIA DEGLI SCHEMI<\/h3><\/div><div class=\"modal-body fusion-clearfix\">\n<p class=\"Pardfaut\" style=\"text-align: justify; text-justify: inter-ideograph; line-height: 150%; margin: 0cm 0cm 20.0pt 0cm;\"><span style=\"color: #141617; background: white;\">La terapia degli schemi \u00e8 un\u2019<span class=\"Aucun\"><b>approccio psicoterapeutico di nuova generazione che integra diversi approcci<\/b><\/span>. Nata per il trattamento dei disturbi di personalit\u00e0, si \u00e8 dimostrata una terapia efficace anche per il trattamento di altri disturbi come il disturbo d\u2019ansia o depressivo, soprattutto quando sono presenti da molto tempo. <\/span><\/p>\n<p class=\"Pardfaut\" style=\"text-align: justify; text-justify: inter-ideograph; line-height: 150%; margin: 0cm 0cm 20.0pt 0cm;\"><span style=\"color: #141617; background: white;\">La terapia degli schemi \u00e8 stata sviluppata da Jeffrey Young e integra aspetti della teoria cognitivo-comportamentale, costruttivista, della psicoanalisi, della terapia della Gestalt; della terapia focalizzata sulle emozioni e sulla teoria dell\u2019attaccamento per aiutare i pazienti a superare le loro difficolt\u00e0 personali e relazionali. <\/span><\/p>\n<p class=\"Pardfaut\" style=\"text-align: justify; text-justify: inter-ideograph; line-height: 150%; margin: 0cm 0cm 20.0pt 0cm;\"><span style=\"color: #141617; background: white;\">La terapia degli schemi <span class=\"Aucun\"><b>si concentra sull\u2019identificazione e la modifica degli schemi precoci disadattivi e disfunzionali di pensiero e comportamento che si sviluppano spesso durante l\u2019infanzia e possono portare a disturbi come la depressione, i disturbi d\u2019ansia, le dipendenze e i disturbi di personalit\u00e0.<\/b><\/span><\/span><\/p>\n<div class=\"fusion-button-wrapper\"><a class=\"fusion-button button-flat fusion-button-default-size button-default fusion-button-default button-9 fusion-button-default-span fusion-button-default-type\" target=\"_self\" href=\"https:\/\/www.psychologue-fornillo.com\/prise-de-rendez-vous\/\"><span class=\"fusion-button-text awb-button__text awb-button__text--default\">Prenota un appuntamento<\/span><\/a><\/div><\/div><\/div><\/div><\/div><div class=\"fusion-builder-row fusion-builder-row-inner fusion-row fusion-flex-align-items-center fusion-flex-justify-content-center fusion-flex-content-wrap\" style=\"width:104% !important;max-width:104% !important;margin-left: calc(-4% \/ 2 );margin-right: calc(-4% \/ 2 );\"><div class=\"fusion-layout-column fusion_builder_column_inner fusion-builder-nested-column-20 fusion_builder_column_inner_1_1 1_1 fusion-flex-column\" style=\"--awb-bg-size:cover;--awb-width-large:100%;--awb-margin-top-large:0px;--awb-spacing-right-large:1.92%;--awb-margin-bottom-large:20px;--awb-spacing-left-large:1.92%;--awb-width-medium:100%;--awb-order-medium:0;--awb-spacing-right-medium:1.92%;--awb-spacing-left-medium:1.92%;--awb-width-small:100%;--awb-order-small:0;--awb-spacing-right-small:1.92%;--awb-spacing-left-small:1.92%;\"><div class=\"fusion-column-wrapper fusion-column-has-shadow fusion-flex-justify-content-flex-start fusion-content-layout-column\"><div class=\"fusion-title title fusion-title-18 fusion-sep-none fusion-title-text fusion-title-size-four\" style=\"--awb-margin-left:16%;\"><h4 class=\"fusion-title-heading title-heading-left\" style=\"margin:0;\">Ipnoterapeuta<\/h4><\/div><\/div><\/div><div class=\"fusion-layout-column fusion_builder_column_inner fusion-builder-nested-column-21 fusion-flex-column fusion-flex-align-self-center\" style=\"--awb-bg-size:cover;--awb-width-large:10%;--awb-margin-top-large:0px;--awb-spacing-right-large:0px;--awb-margin-bottom-large:20px;--awb-spacing-left-large:19.2%;--awb-width-medium:10%;--awb-order-medium:0;--awb-spacing-right-medium:19.2%;--awb-spacing-left-medium:19.2%;--awb-width-small:100%;--awb-order-small:0;--awb-spacing-right-small:1.92%;--awb-spacing-left-small:1.92%;\"><div class=\"fusion-column-wrapper fusion-column-has-shadow fusion-flex-justify-content-flex-start fusion-content-layout-column\"><a class=\"fb-icon-element-9 fb-icon-element fontawesome-icon fa-cloud fas circle-yes fusion-text-flow fusion-link\" style=\"--awb-iconcolor:var(--awb-color5);--awb-iconcolor-hover:#ffffff;--awb-circlecolor:#f5f7f9;--awb-circlecolor-hover:#f5f7f9;--awb-circlebordercolor-hover:var(--awb-color8);--awb-circlebordersize:0px;--awb-font-size:42.24px;--awb-width:84.48px;--awb-height:84.48px;--awb-line-height:84.48px;--awb-border-radius-top-l:24px;--awb-border-radius-top-r:24px;--awb-border-radius-bot-r:24px;--awb-border-radius-bot-l:24px;--awb-margin-right:24px;--awb-sm-align-self:center;\" href=\"#\" target=\"_self\" aria-label=\"Link to #\"><\/a><\/div><\/div><div class=\"fusion-layout-column fusion_builder_column_inner fusion-builder-nested-column-22 fusion_builder_column_inner_3_5 3_5 fusion-flex-column fusion-flex-align-self-stretch\" style=\"--awb-bg-size:cover;--awb-width-large:60%;--awb-margin-top-large:0px;--awb-spacing-right-large:0%;--awb-margin-bottom-large:20px;--awb-spacing-left-large:3.2%;--awb-width-medium:60%;--awb-order-medium:0;--awb-spacing-right-medium:0%;--awb-spacing-left-medium:6.4%;--awb-width-small:100%;--awb-order-small:0;--awb-spacing-right-small:1.92%;--awb-spacing-left-small:1.92%;\"><div class=\"fusion-column-wrapper fusion-column-has-shadow fusion-flex-justify-content-flex-start fusion-content-layout-column\"><div class=\"fusion-title title fusion-title-19 fusion-sep-none fusion-title-text fusion-title-size-three\" style=\"--awb-text-color:#040d16;--awb-margin-top:12px;--awb-margin-bottom:12px;--awb-font-size:20px;\"><h3 class=\"fusion-title-heading title-heading-left sm-text-align-center\" style=\"font-family:&quot;Manrope&quot;;font-style:normal;font-weight:500;margin:0;letter-spacing:0.015em;text-transform:var(--awb-typography2-text-transform);font-size:1em;line-height:1.4em;\"><p>Formazione in Ipnosi: \u201cTecniche tradizionali e rapide di induzione ipnotica\u201d<br \/>\nCentro di Ipnosi Medica del Dr. GONELLA Angelo &#8211; Torino (Italia)<\/p><\/h3><\/div><\/div><\/div><\/div><div style=\"text-align:center;\"><a class=\"fusion-button button-flat fusion-button-default-size button-default fusion-button-default button-10 fusion-button-default-span fusion-button-default-type\" style=\"--button_margin-bottom:3%;\" target=\"_self\" href=\"https:\/\/www.psychologue-fornillo.com\/it\/ipnosi\/\"><span class=\"fusion-button-text awb-button__text awb-button__text--default\">Scopri di pi\u00f9 sull\u2019Ipnosi<\/span><\/a><\/div><div class=\"fusion-modal modal fade modal-4 hypnose\" tabindex=\"-1\" role=\"dialog\" aria-labelledby=\"modal-heading-4\" aria-hidden=\"true\" style=\"--awb-border-color:var(--awb-color3);--awb-background:var(--awb-color1);\"><div class=\"modal-dialog modal-lg\" role=\"document\"><div class=\"modal-content fusion-modal-content\"><div class=\"modal-header\"><button class=\"close\" type=\"button\" data-dismiss=\"modal\" aria-hidden=\"true\" aria-label=\"Close\">&times;<\/button><h3 class=\"modal-title\" id=\"modal-heading-4\" data-dismiss=\"modal\" aria-hidden=\"true\">L&apos;Ipnosi<\/h3><\/div><div class=\"modal-body fusion-clearfix\">\n<p class=\"Pardfaut\" style=\"text-align: justify; text-justify: inter-ideograph; line-height: 150%; margin: 0cm 0cm 16.0pt 0cm;\"><span style=\"background: white;\">L\u2019ipnosi \u00e8 una disciplina che permette di raggiungere uno stato di coscienza diverso dallo stato di veglia comune, e che permette di entrare in uno stato di trance ipnotica.<\/span><\/p>\n<p class=\"Pardfaut\" style=\"text-align: justify; text-justify: inter-ideograph; line-height: 150%; margin: 0cm 0cm 16.0pt 0cm;\"><span style=\"background: white;\">In questo stato l\u2019attenzione della persona \u00e8 orientata e focalizzata verso il suo mondo interiore. Si tratta di uno stato naturale che pu\u00f2 verificarsi spontaneamente durante la giornata e che permette di recuperare energia, rielaborare esperienze vissute, entrare in contatto con le proprie fantasie, desideri e il proprio potenziale.  <\/span><\/p>\n<p class=\"Pardfaut\" style=\"text-align: justify; text-justify: inter-ideograph; line-height: 150%; margin: 0cm 0cm 16.0pt 0cm;\"><span style=\"background: white;\">L\u2019ipnoterapia permette uno stato di modificazione della coscienza in cui la persona sente e ricorda tutto ci\u00f2 che accade durante la seduta.<\/span><\/p>\n<p class=\"Pardfaut\" style=\"margin-top: 0cm; text-align: justify; text-justify: inter-ideograph; line-height: 150%;\"><span style=\"background: white;\">L\u2019ipnosi permette di agire sulle risorse dell\u2019individuo che non sono accessibili alla coscienza. Di parlare con il proprio inconscio al fine di mobilitare le sue capacit\u00e0 profonde e le sue risorse.<\/span><\/p>\n<p class=\"Pardfaut\" style=\"margin-top: 0cm; text-align: justify; text-justify: inter-ideograph; line-height: 150%;\"><span style=\"background: white;\">Se la persona \u00e8 ricettiva, l\u2019ipnosi: <\/span><\/p>\n<p class=\"Pardfaut\" style=\"margin-top: 0cm; text-align: justify; text-justify: inter-ideograph; line-height: 150%;\"><span class=\"Aucun\"><b><span style=\"background: white;\">Migliora<\/span><\/b><\/span><span style=\"background: white;\"> una performance scolastica o sportiva: la persona pu\u00f2 rafforzare le capacit\u00e0 e competenze fisiche o intellettuali gi\u00e0 presenti;<\/span><\/p>\n<p class=\"Pardfaut\" style=\"margin-top: 0cm; text-align: justify; text-justify: inter-ideograph; line-height: 150%;\"><span class=\"Aucun\"><b><span style=\"background: white;\">Facilita<\/span><\/b><\/span><span style=\"background: white;\"> il riequilibrio psico-emotivo <\/span> <\/p>\n<p class=\"Pardfaut\" style=\"margin-top: 0cm; text-align: justify; text-justify: inter-ideograph; line-height: 150%;\"><span class=\"Aucun\"><b><span style=\"background: white;\">Favorisce <\/span><\/b><\/span><span style=\"background: white;\">uno stato di benessere fisico e psicologico<\/span><\/p>\n<p class=\"Pardfaut\" style=\"margin-top: 0cm; text-align: justify; text-justify: inter-ideograph; line-height: 150%;\"><span class=\"Aucun\"><b><span style=\"background: white;\">Aiuta<\/span><\/b><\/span><span style=\"background: white;\"> a diminuire i dolori<\/span><\/p>\n<div class=\"fusion-button-wrapper\"><a class=\"fusion-button button-flat fusion-button-default-size button-default fusion-button-default button-11 fusion-button-default-span fusion-button-default-type\" target=\"_self\" href=\"https:\/\/www.psychologue-fornillo.com\/prise-de-rendez-vous\/\"><span class=\"fusion-button-text awb-button__text awb-button__text--default\">Prenota un appuntamento<\/span><\/a><\/div><\/div><\/div><\/div><\/div><div class=\"fusion-builder-row fusion-builder-row-inner fusion-row fusion-flex-align-items-center fusion-flex-justify-content-center fusion-flex-content-wrap\" style=\"width:104% !important;max-width:104% !important;margin-left: calc(-4% \/ 2 );margin-right: calc(-4% \/ 2 );\"><div class=\"fusion-layout-column fusion_builder_column_inner fusion-builder-nested-column-23 fusion_builder_column_inner_1_1 1_1 fusion-flex-column\" style=\"--awb-bg-size:cover;--awb-width-large:100%;--awb-margin-top-large:0px;--awb-spacing-right-large:1.92%;--awb-margin-bottom-large:20px;--awb-spacing-left-large:1.92%;--awb-width-medium:100%;--awb-order-medium:0;--awb-spacing-right-medium:1.92%;--awb-spacing-left-medium:1.92%;--awb-width-small:100%;--awb-order-small:0;--awb-spacing-right-small:1.92%;--awb-spacing-left-small:1.92%;\"><div class=\"fusion-column-wrapper fusion-column-has-shadow fusion-flex-justify-content-flex-start fusion-content-layout-column\"><div class=\"fusion-title title fusion-title-20 fusion-sep-none fusion-title-text fusion-title-size-four\" style=\"--awb-margin-left:16%;\"><h4 class=\"fusion-title-heading title-heading-left\" style=\"margin:0;\">Terapeuta clinico in Training Autogeno<\/h4><\/div><\/div><\/div><div class=\"fusion-layout-column fusion_builder_column_inner fusion-builder-nested-column-24 fusion-flex-column fusion-flex-align-self-stretch\" style=\"--awb-bg-size:cover;--awb-width-large:10%;--awb-margin-top-large:0px;--awb-spacing-right-large:0px;--awb-margin-bottom-large:20px;--awb-spacing-left-large:19.2%;--awb-width-medium:10%;--awb-order-medium:0;--awb-spacing-right-medium:19.2%;--awb-spacing-left-medium:19.2%;--awb-width-small:100%;--awb-order-small:0;--awb-spacing-right-small:1.92%;--awb-spacing-left-small:1.92%;\"><div class=\"fusion-column-wrapper fusion-column-has-shadow fusion-flex-justify-content-flex-start fusion-content-layout-column\"><a class=\"fb-icon-element-10 fb-icon-element fontawesome-icon fa-brain fas circle-yes fusion-text-flow fusion-link\" style=\"--awb-iconcolor:var(--awb-color4);--awb-iconcolor-hover:#ffffff;--awb-circlecolor:#f5f7f9;--awb-circlecolor-hover:#f5f7f9;--awb-circlebordercolor-hover:var(--awb-color8);--awb-circlebordersize:0px;--awb-font-size:42.24px;--awb-width:84.48px;--awb-height:84.48px;--awb-line-height:84.48px;--awb-border-radius-top-l:24px;--awb-border-radius-top-r:24px;--awb-border-radius-bot-r:24px;--awb-border-radius-bot-l:24px;--awb-margin-right:24px;--awb-sm-align-self:center;\" href=\"#\" target=\"_self\" aria-label=\"Link to #\"><\/a><\/div><\/div><div class=\"fusion-layout-column fusion_builder_column_inner fusion-builder-nested-column-25 fusion_builder_column_inner_3_5 3_5 fusion-flex-column fusion-flex-align-self-stretch\" style=\"--awb-bg-size:cover;--awb-width-large:60%;--awb-margin-top-large:0px;--awb-spacing-right-large:0%;--awb-margin-bottom-large:20px;--awb-spacing-left-large:3.2%;--awb-width-medium:60%;--awb-order-medium:0;--awb-spacing-right-medium:0%;--awb-spacing-left-medium:6.4%;--awb-width-small:100%;--awb-order-small:0;--awb-spacing-right-small:1.92%;--awb-spacing-left-small:1.92%;\"><div class=\"fusion-column-wrapper fusion-column-has-shadow fusion-flex-justify-content-flex-start fusion-content-layout-column\"><div class=\"fusion-title title fusion-title-21 fusion-sep-none fusion-title-text fusion-title-size-three\" style=\"--awb-text-color:#040d16;--awb-margin-top:12px;--awb-margin-bottom:12px;--awb-font-size:20px;\"><h3 class=\"fusion-title-heading title-heading-left sm-text-align-center\" style=\"font-family:&quot;Manrope&quot;;font-style:normal;font-weight:500;margin:0;letter-spacing:0.015em;text-transform:var(--awb-typography2-text-transform);font-size:1em;line-height:1.4em;\"><p>Formazione certificante \u201cTerapeuta Clinico in Training Autogeno\u201d<br \/>\nAssociazione degli Psicologi della Lombardia, Milano (Italia).<\/p><\/h3><\/div><\/div><\/div><\/div><div style=\"text-align:center;\"><a class=\"fusion-button button-flat fusion-button-default-size button-default fusion-button-default button-12 fusion-button-default-span fusion-button-default-type\" style=\"--button_margin-bottom:3%;\" target=\"_self\" href=\"https:\/\/www.psychologue-fornillo.com\/it\/training-autogeno\/\"><span class=\"fusion-button-text awb-button__text awb-button__text--default\">Scopri di pi\u00f9 sul Training Autogeno<\/span><\/a><\/div><div class=\"fusion-modal modal fade modal-5 autogene\" tabindex=\"-1\" role=\"dialog\" aria-labelledby=\"modal-heading-5\" aria-hidden=\"true\" style=\"--awb-border-color:var(--awb-color3);--awb-background:var(--awb-color1);\"><div class=\"modal-dialog modal-lg\" role=\"document\"><div class=\"modal-content fusion-modal-content\"><div class=\"modal-header\"><button class=\"close\" type=\"button\" data-dismiss=\"modal\" aria-hidden=\"true\" aria-label=\"Close\">&times;<\/button><h3 class=\"modal-title\" id=\"modal-heading-5\" data-dismiss=\"modal\" aria-hidden=\"true\">Training Autogeno<\/h3><\/div><div class=\"modal-body fusion-clearfix\">\n<p class=\"Pardfaut\" style=\"text-align: justify; text-justify: inter-ideograph; line-height: 150%; margin: 0cm 0cm 16.0pt 0cm;\">Il \u201c<strong>training autogeno di Schultz<\/strong>\u201d \u00e8 un metodo <strong>semplice ed efficace<\/strong> basato sul rilassamento e sull\u2019autosuggestione (autoipnosi) caratterizzato dall\u2019apprendimento e dall\u2019utilizzo regolare e quotidiano di un protocollo specifico. Il training autogeno permette di apportare modifiche fisiologiche e psicologiche poich\u00e9 agisce sul sistema nervoso vegetativo e sulla consapevolezza del proprio corpo. Johannes Heinrich Schultz, medico psichiatra, neurologo e psicoterapeuta, pubblica il suo metodo, il Training autogeno nel 1932. Il training autogeno ha lo scopo di provocare una disconnessione per permettere il rilassamento del corpo e anche della mente.   <\/p>\n<p class=\"Pardfaut\" style=\"text-align: justify; text-justify: inter-ideograph; line-height: 150%; margin: 0cm 0cm 16.0pt 0cm;\">Il training autogeno \u00e8 una forma di allenamento psico-fisiologico che produce benefici in diversi ambiti: sportivo, professionale, medico,<br \/>\npsicoterapeutico, scolastico e artistico. Il training autogeno d\u00e0 buoni risultati per tutto ci\u00f2 che \u00e8 di ordine emotivo e<br \/>\npsicosomatico. <\/p>\n<p class=\"Pardfaut\" style=\"text-align: justify; text-justify: inter-ideograph; line-height: 150%; margin: 0cm 0cm 16.0pt 0cm;\"><strong>I principi e la pratica del training autogeno<\/strong><\/p>\n<p class=\"Pardfaut\" style=\"text-align: justify; text-justify: inter-ideograph; line-height: 150%; margin: 0cm 0cm 16.0pt 0cm;\">Il termine \u201cTraining\u201d significa letteralmente \u201callenamento\u201d e \u201cautogeno\u201d che si autogenera.<\/p>\n<p class=\"Pardfaut\" style=\"text-align: justify; text-justify: inter-ideograph; line-height: 150%; margin: 0cm 0cm 16.0pt 0cm;\">Cos\u00ec, l\u2019individuo dedica un tempo regolare e quotidiano per permettere che i comportamenti si autogenerino grazie alla ripetizione di esercizi con regolarit\u00e0 e costanza.<\/p>\n<p class=\"Pardfaut\" style=\"text-align: justify; text-justify: inter-ideograph; line-height: 150%; margin: 0cm 0cm 16.0pt 0cm;\"><strong>I benefici del training autogeno<\/strong><\/p>\n<p>Il training autogeno permette:<\/p>\n<ul>\n<li>Un <strong>rilassamento psicosomatico<\/strong><\/li>\n<li>Di ritrovare la <strong>calma, migliorare il sonno<\/strong> imparando ad <strong>addormentarsi pi\u00f9 rapidamente<\/strong><\/li>\n<li>Di imparare a <strong>gestire meglio lo stress<\/strong><\/li>\n<li>Di imparare a controllare le compulsioni e le somatizzazioni<\/li>\n<li>Di <strong>superare momenti di stanchezza durante la giornata<\/strong><\/li>\n<li>Di ridurre le sensazioni di dolore<\/li>\n<li>Di <strong>migliorare la capacit\u00e0 di autocontrollo emotivo di fronte a eventi <\/strong><strong>stressanti<\/strong><\/li>\n<li>Lo sviluppo di alcune capacit\u00e0 mentali come la <strong>memoria, la consapevolezza, l\u2019introspezione<\/strong><\/li>\n<li>Lo sviluppo delle prestazioni sportive, scolastiche e professionali grazie a un migliore autocontrollo<\/li>\n<li>Di sviluppare la <strong>piena consapevolezza e il momento presente<\/strong><\/li>\n<\/ul>\n<p class=\"Pardfaut\" style=\"text-align: justify; text-justify: inter-ideograph; line-height: 150%; margin: 0cm 0cm 16.0pt 0cm;\"><strong>Controindicazioni nella pratica del Training Autogeno<\/strong><\/p>\n<p class=\"Pardfaut\" style=\"text-align: justify; text-justify: inter-ideograph; line-height: 150%; margin: 0cm 0cm 16.0pt 0cm;\">Il training autogeno \u00e8 un metodo efficace, adatto a tutte le et\u00e0. Esistono tuttavia situazioni in cui la pratica \u00e8 controindicata: <\/p>\n<ul>\n<li style=\"list-style-type: none;\">\n<ul>\n<li class=\"Pardfaut\" style=\"text-align: justify; line-height: 150%;\">Nelle situazioni di psicopatologie come gravi forme di disturbo<br \/>\nossessivo-compulsivo, ipocondria, depressione grave, psicosi.<\/li>\n<li class=\"Pardfaut\" style=\"text-align: justify; line-height: 150%;\">Nelle patologie organiche, minaccia di infarto o infarto recente, insufficienza<br \/>\ncardiaca, diabete, ipotensione.<\/li>\n<\/ul>\n<\/li>\n<\/ul>\n<p>Un colloquio individuale \u00e8 richiesto prima dell\u2019inizio del training al fine di valutare con la persona se il Training autogeno \u00e8 adatto. Ogni persona e situazione \u00e8 unica, la situazione verr\u00e0 valutata caso per caso. <\/p>\n<p><strong>\u201c\u201cImparare il Training Autogeno \u00e8 un investimento sul proprio benessere che non perder\u00e0 mai valore e che dar\u00e0 i suoi frutti per tutta la nostra esistenza\u201d\u201d<\/strong><\/p>\n<div class=\"fusion-button-wrapper\"><a class=\"fusion-button button-flat fusion-button-default-size button-default fusion-button-default button-13 fusion-button-default-span fusion-button-default-type\" target=\"_self\" href=\"https:\/\/www.psychologue-fornillo.com\/prise-de-rendez-vous\/\"><span class=\"fusion-button-text awb-button__text awb-button__text--default\">Prenota un appuntamento<\/span><\/a><\/div><\/div><\/div><\/div><\/div><\/div><\/div><div class=\"fusion-layout-column fusion_builder_column fusion-builder-column-10 fusion_builder_column_1_1 1_1 fusion-flex-column fusion-no-medium-visibility fusion-no-large-visibility\" style=\"--awb-bg-size:cover;--awb-border-color:#dce0e3;--awb-border-bottom:1px;--awb-border-style:dashed;--awb-transform:translateY(0px);--awb-transform-hover:translateY(-15px);--awb-width-large:100%;--awb-margin-top-large:0px;--awb-spacing-right-large:1.92%;--awb-margin-bottom-large:30px;--awb-spacing-left-large:1.92%;--awb-width-medium:100%;--awb-order-medium:0;--awb-spacing-right-medium:1.92%;--awb-spacing-left-medium:1.92%;--awb-width-small:100%;--awb-order-small:0;--awb-spacing-right-small:1.92%;--awb-spacing-left-small:1.92%;\"><div class=\"fusion-column-wrapper fusion-column-has-shadow fusion-flex-justify-content-flex-start fusion-content-layout-column\"><div class=\"fusion-title title fusion-title-22 fusion-sep-none fusion-title-center fusion-title-text fusion-title-size-three\"><h3 class=\"fusion-title-heading title-heading-center\" style=\"margin:0;\"><\/h3><\/div><div class=\"fusion-builder-row fusion-builder-row-inner fusion-row fusion-flex-align-items-center fusion-flex-justify-content-center fusion-flex-content-wrap\" style=\"width:104% !important;max-width:104% !important;margin-left: calc(-4% \/ 2 );margin-right: calc(-4% \/ 2 );\"><div class=\"fusion-layout-column fusion_builder_column_inner fusion-builder-nested-column-26 fusion_builder_column_inner_1_1 1_1 fusion-flex-column\" style=\"--awb-bg-size:cover;--awb-width-large:100%;--awb-margin-top-large:0px;--awb-spacing-right-large:1.92%;--awb-margin-bottom-large:20px;--awb-spacing-left-large:1.92%;--awb-width-medium:100%;--awb-order-medium:0;--awb-spacing-right-medium:1.92%;--awb-spacing-left-medium:1.92%;--awb-width-small:100%;--awb-order-small:0;--awb-spacing-right-small:1.92%;--awb-spacing-left-small:1.92%;\"><div class=\"fusion-column-wrapper fusion-column-has-shadow fusion-flex-justify-content-flex-start fusion-content-layout-column\"><div class=\"fusion-title title fusion-title-23 fusion-sep-none fusion-title-text fusion-title-size-four\" style=\"--awb-margin-left:16%;\"><h4 class=\"fusion-title-heading title-heading-left\" style=\"margin:0;\">Terapeuta EMDR<\/h4><\/div><\/div><\/div><div class=\"fusion-layout-column fusion_builder_column_inner fusion-builder-nested-column-27 fusion-flex-column fusion-flex-align-self-center\" style=\"--awb-bg-size:cover;--awb-width-large:10%;--awb-margin-top-large:0px;--awb-spacing-right-large:0px;--awb-margin-bottom-large:20px;--awb-spacing-left-large:19.2%;--awb-width-medium:10%;--awb-order-medium:0;--awb-spacing-right-medium:19.2%;--awb-spacing-left-medium:19.2%;--awb-width-small:100%;--awb-order-small:0;--awb-spacing-right-small:1.92%;--awb-spacing-left-small:1.92%;\"><div class=\"fusion-column-wrapper fusion-column-has-shadow fusion-flex-justify-content-flex-start fusion-content-layout-column\"><a class=\"fb-icon-element-11 fb-icon-element fontawesome-icon fa-eye fas circle-yes fusion-text-flow fusion-link\" style=\"--awb-iconcolor:var(--awb-color5);--awb-iconcolor-hover:#ffffff;--awb-circlecolor:#f5f7f9;--awb-circlecolor-hover:#f5f7f9;--awb-circlebordercolor-hover:var(--awb-color8);--awb-circlebordersize:0px;--awb-font-size:42.24px;--awb-width:84.48px;--awb-height:84.48px;--awb-line-height:84.48px;--awb-border-radius-top-l:24px;--awb-border-radius-top-r:24px;--awb-border-radius-bot-r:24px;--awb-border-radius-bot-l:24px;--awb-margin-right:24px;--awb-sm-align-self:center;\" href=\"#\" target=\"_self\" aria-label=\"Link to #\"><\/a><\/div><\/div><div class=\"fusion-layout-column fusion_builder_column_inner fusion-builder-nested-column-28 fusion_builder_column_inner_3_5 3_5 fusion-flex-column fusion-flex-align-self-stretch\" style=\"--awb-bg-size:cover;--awb-width-large:60%;--awb-margin-top-large:0px;--awb-spacing-right-large:0%;--awb-margin-bottom-large:20px;--awb-spacing-left-large:3.2%;--awb-width-medium:60%;--awb-order-medium:0;--awb-spacing-right-medium:0%;--awb-spacing-left-medium:6.4%;--awb-width-small:100%;--awb-order-small:0;--awb-spacing-right-small:1.92%;--awb-spacing-left-small:1.92%;\"><div class=\"fusion-column-wrapper fusion-column-has-shadow fusion-flex-justify-content-flex-start fusion-content-layout-column\"><div class=\"fusion-title title fusion-title-24 fusion-sep-none fusion-title-text fusion-title-size-three fusion-animated\" style=\"--awb-text-color:#040d16;--awb-margin-top:12px;--awb-margin-bottom:12px;--awb-font-size:16px;\" data-animationType=\"fadeInRight\" data-animationDuration=\"0.7\" data-animationOffset=\"top-into-view\"><h3 class=\"fusion-title-heading title-heading-left sm-text-align-center\" style=\"font-family:&quot;Manrope&quot;;font-style:normal;font-weight:500;margin:0;letter-spacing:0.015em;text-transform:var(--awb-typography2-text-transform);font-size:1em;line-height:1.4em;\"><div>Formazione certificante EMDR<br \/>\nAssociazione EMDR Milano (Italia)<br \/>\nPercorso di supervisione clinica individuale e di gruppo<br \/>\nValidazione del percorso e ottenimento del titolo di \u201cPractitioner EMDR\u201d<\/div><\/h3><\/div><\/div><\/div><\/div><div style=\"text-align:center;\"><a class=\"fusion-button button-flat fusion-button-default-size button-default fusion-button-default button-14 fusion-button-default-span fusion-button-default-type\" style=\"--button_margin-bottom:3%;\" target=\"_self\" href=\"https:\/\/www.psychologue-fornillo.com\/therapie-emdr\/\"><span class=\"fusion-button-text awb-button__text awb-button__text--default\">Scopri di pi\u00f9 sulla Terapia EMDR<\/span><\/a><\/div><div class=\"fusion-modal modal fade modal-6 therapie\" tabindex=\"-1\" role=\"dialog\" aria-labelledby=\"modal-heading-6\" aria-hidden=\"true\" style=\"--awb-border-color:var(--awb-color3);--awb-background:var(--awb-color1);\"><div class=\"modal-dialog modal-lg\" role=\"document\"><div class=\"modal-content fusion-modal-content\"><div class=\"modal-header\"><button class=\"close\" type=\"button\" data-dismiss=\"modal\" aria-hidden=\"true\" aria-label=\"Close\">&times;<\/button><h3 class=\"modal-title\" id=\"modal-heading-6\" data-dismiss=\"modal\" aria-hidden=\"true\">LA TERAPIA EMDR<\/h3><\/div><div class=\"modal-body fusion-clearfix\">\n<p>In caso di eventi traumatici passati o vissuti di recente, <strong>la terapia EMDR <\/strong>\u00e8 scientificamente riconosciuta per la sua capacit\u00e0 di elaborare i traumi (abusi, violenze, aggressioni, lutti, malattie, eventi di ogni tipo che sono traumatici per la persona).<br \/>\nLa terapia EMDR: \u00e8 oggetto di numerosi studi scientifici internazionali. \u00c8 <strong>riconosciuta nel trattamento del disturbo da stress post-traumatico da l<\/strong><strong>\u2019<\/strong><strong>OMS (2013), l<\/strong><strong>\u2019<\/strong><strong>INSERM (2004 e 2015) e l\u2019Alta Autorit\u00e0 della Sanit\u00e0 (2007).<\/strong> <\/p>\n<p>\u00c8 una tecnica che permette di <strong>desensibilizzare e archiviare gli eventi traumatici <\/strong>affinch\u00e9 non disturbino pi\u00f9 la persona nel tempo presente.<br \/>\nQuesto meccanismo neuro-emotivo innescato dai movimenti oculari permette di superare esperienze traumatiche non elaborate responsabili di diversi sintomi, a volte molto invalidanti. <strong>Si possono cos\u00ec curare le sequele traumatiche anche a distanza di molti anni dop<\/strong><strong>o<\/strong><strong>.<\/strong><\/p>\n<div class=\"fusion-button-wrapper\"><a class=\"fusion-button button-flat fusion-button-default-size button-default fusion-button-default button-15 fusion-button-default-span fusion-button-default-type\" target=\"_self\" href=\"https:\/\/www.psychologue-fornillo.com\/prise-de-rendez-vous\/\"><span class=\"fusion-button-text awb-button__text awb-button__text--default\">Prenota un appuntamento<\/span><\/a><\/div>\n<\/div><\/div><\/div><\/div><div class=\"fusion-builder-row fusion-builder-row-inner fusion-row fusion-flex-align-items-center fusion-flex-justify-content-center fusion-flex-content-wrap\" style=\"width:104% !important;max-width:104% !important;margin-left: calc(-4% \/ 2 );margin-right: calc(-4% \/ 2 );\"><div class=\"fusion-layout-column fusion_builder_column_inner fusion-builder-nested-column-29 fusion_builder_column_inner_1_1 1_1 fusion-flex-column\" style=\"--awb-bg-size:cover;--awb-width-large:100%;--awb-margin-top-large:0px;--awb-spacing-right-large:1.92%;--awb-margin-bottom-large:20px;--awb-spacing-left-large:1.92%;--awb-width-medium:100%;--awb-order-medium:0;--awb-spacing-right-medium:1.92%;--awb-spacing-left-medium:1.92%;--awb-width-small:100%;--awb-order-small:0;--awb-spacing-right-small:1.92%;--awb-spacing-left-small:1.92%;\"><div class=\"fusion-column-wrapper fusion-column-has-shadow fusion-flex-justify-content-flex-start fusion-content-layout-column\"><div class=\"fusion-title title fusion-title-25 fusion-sep-none fusion-title-text fusion-title-size-four\" style=\"--awb-margin-left:16%;\"><h4 class=\"fusion-title-heading title-heading-left\" style=\"margin:0;\"><p class=\"fusion-title-heading title-heading-left sm-text-align-center fusion-responsive-typography-calculated\" data-fontsize=\"20\" data-lineheight=\"28px\">Terapeuta in Terapia Strategica Breve<\/p><\/h4><\/div><\/div><\/div><div class=\"fusion-layout-column fusion_builder_column_inner fusion-builder-nested-column-30 fusion-flex-column fusion-flex-align-self-center\" style=\"--awb-bg-size:cover;--awb-width-large:10%;--awb-margin-top-large:0px;--awb-spacing-right-large:0px;--awb-margin-bottom-large:20px;--awb-spacing-left-large:19.2%;--awb-width-medium:10%;--awb-order-medium:0;--awb-spacing-right-medium:19.2%;--awb-spacing-left-medium:19.2%;--awb-width-small:100%;--awb-order-small:0;--awb-spacing-right-small:1.92%;--awb-spacing-left-small:1.92%;\"><div class=\"fusion-column-wrapper fusion-column-has-shadow fusion-flex-justify-content-flex-start fusion-content-layout-column\"><a class=\"fb-icon-element-12 fb-icon-element fontawesome-icon fa-hourglass-start fas circle-yes fusion-text-flow fusion-link\" style=\"--awb-iconcolor:var(--awb-color4);--awb-iconcolor-hover:#ffffff;--awb-circlecolor:#f5f7f9;--awb-circlecolor-hover:#f5f7f9;--awb-circlebordercolor-hover:var(--awb-color8);--awb-circlebordersize:0px;--awb-font-size:42.24px;--awb-width:84.48px;--awb-height:84.48px;--awb-line-height:84.48px;--awb-border-radius-top-l:24px;--awb-border-radius-top-r:24px;--awb-border-radius-bot-r:24px;--awb-border-radius-bot-l:24px;--awb-margin-right:24px;--awb-sm-align-self:center;\" href=\"#\" target=\"_self\" aria-label=\"Link to #\"><\/a><\/div><\/div><div class=\"fusion-layout-column fusion_builder_column_inner fusion-builder-nested-column-31 fusion_builder_column_inner_3_5 3_5 fusion-flex-column fusion-flex-align-self-stretch\" style=\"--awb-bg-size:cover;--awb-width-large:60%;--awb-margin-top-large:0px;--awb-spacing-right-large:0%;--awb-margin-bottom-large:20px;--awb-spacing-left-large:3.2%;--awb-width-medium:60%;--awb-order-medium:0;--awb-spacing-right-medium:0%;--awb-spacing-left-medium:6.4%;--awb-width-small:100%;--awb-order-small:0;--awb-spacing-right-small:1.92%;--awb-spacing-left-small:1.92%;\"><div class=\"fusion-column-wrapper fusion-column-has-shadow fusion-flex-justify-content-flex-start fusion-content-layout-column\"><div class=\"fusion-title title fusion-title-26 fusion-sep-none fusion-title-text fusion-title-size-three\" style=\"--awb-text-color:#040d16;--awb-margin-top:12px;--awb-margin-bottom:12px;--awb-font-size:16px;\"><h3 class=\"fusion-title-heading title-heading-left sm-text-align-center\" style=\"font-family:&quot;Manrope&quot;;font-style:normal;font-weight:500;margin:0;letter-spacing:0.015em;text-transform:var(--awb-typography2-text-transform);font-size:1em;line-height:1.4em;\">Master in Psicologia Clinica Strategica<br \/>\nCentro di Terapia Strategica: Research, Training and Psychotherapy Institute &#8211; Giorgio Nardone (Italia).<\/h3><\/div><\/div><\/div><\/div><div style=\"text-align:center;\"><a class=\"fusion-button button-flat fusion-button-default-size button-default fusion-button-default button-16 fusion-button-default-span fusion-button-default-type\" style=\"--button_margin-bottom:3%;\" target=\"_self\" href=\"https:\/\/www.psychologue-fornillo.com\/therapie-strategique-breve\/\"><span class=\"fusion-button-text awb-button__text awb-button__text--default\">Scopri di pi\u00f9 sulla Terapia Strategica Breve<\/span><\/a><\/div><div class=\"fusion-modal modal fade modal-7 stratbreve\" tabindex=\"-1\" role=\"dialog\" aria-labelledby=\"modal-heading-7\" aria-hidden=\"true\" style=\"--awb-border-color:var(--awb-color3);--awb-background:var(--awb-color1);\"><div class=\"modal-dialog modal-lg\" role=\"document\"><div class=\"modal-content fusion-modal-content\"><div class=\"modal-header\"><button class=\"close\" type=\"button\" data-dismiss=\"modal\" aria-hidden=\"true\" aria-label=\"Close\">&times;<\/button><h3 class=\"modal-title\" id=\"modal-heading-7\" data-dismiss=\"modal\" aria-hidden=\"true\">LA TERAPIA STRATEGICA BREVE<\/h3><\/div><div class=\"modal-body fusion-clearfix\">\n<p><strong>La terapia strategica breve permette di raggiungere risultati e la risoluzione delle problematiche dell\u2019individuo nel minor tempo possibile.<\/strong><\/p>\n<p>La terapia breve strategica \u00e8 stata sviluppata dai ricercatori della scuola di Palo Alto in California e si basa sulla percezione che il paziente ha della realt\u00e0. Il terapeuta deve quindi focalizzarsi su come funziona nel tempo presente, nel \u201cqui e ora\u201d per trovare strategie per superarlo. <\/p>\n<p>La terapia breve strategica \u00e8 un <strong>modello di intervento innovativo che ha la capacit\u00e0 di produrre cambiamenti in tempi brevi<\/strong> anche in situazioni in cui i disturbi sono profondi e presenti da diversi anni.<\/p>\n<p>La terapia segue una <strong>metodologia rigorosa basata su ricerche empiriche e sperimentali<\/strong> e rappresenta una prospettiva rivoluzionaria rispetto alle forme convenzionali di intervento terapeutico.<br \/>\nSi tratta di un intervento:<\/p>\n<ul>\n<li><strong>Breve:<\/strong> la terapia strategica breve si occupa di <strong>eliminare i sintomi e i comportamenti disfunzionali presenti nel soggetto<\/strong><\/li>\n<li><strong>Focalizzata:<\/strong> la terapia strategica breve si concentra su un <strong>obiettivo di cambiamento concreto<\/strong>, questo obiettivo \u00e8 definito congiuntamente con il terapeuta.<\/li>\n<li><strong>Radicale:<\/strong> la terapia strategica breve mira a modificare la rappresentazione che il soggetto ha del proprio problema con il <strong>recupero della fiducia nelle proprie capacit\u00e0, mezzi e risorse<\/strong><\/li>\n<li><strong>Efficace:<\/strong> la terapia strategica breve <strong>produce un cambiamento nell\u201987% dei casi<\/strong> e il cambiamento \u00e8 permanente perch\u00e9 non si notano ricadute al problema presentato.<\/li>\n<li><strong>Non farmacologica:<\/strong> <strong>nessun trattamento farmacologico<\/strong> deve essere assunto. Si utilizzano solo metodi psicologici <\/li>\n<\/ul>\n<div class=\"fusion-button-wrapper\"><a class=\"fusion-button button-flat fusion-button-default-size button-default fusion-button-default button-17 fusion-button-default-span fusion-button-default-type\" target=\"_self\" href=\"https:\/\/www.psychologue-fornillo.com\/prise-de-rendez-vous\/\"><span class=\"fusion-button-text awb-button__text awb-button__text--default\">Prenota un appuntamento<\/span><\/a><\/div><\/div><\/div><\/div><\/div><div class=\"fusion-builder-row fusion-builder-row-inner fusion-row fusion-flex-align-items-center fusion-flex-justify-content-center fusion-flex-content-wrap\" style=\"width:104% !important;max-width:104% !important;margin-left: calc(-4% \/ 2 );margin-right: calc(-4% \/ 2 );\"><div class=\"fusion-layout-column fusion_builder_column_inner fusion-builder-nested-column-32 fusion_builder_column_inner_1_1 1_1 fusion-flex-column\" style=\"--awb-bg-size:cover;--awb-width-large:100%;--awb-margin-top-large:0px;--awb-spacing-right-large:1.92%;--awb-margin-bottom-large:20px;--awb-spacing-left-large:1.92%;--awb-width-medium:100%;--awb-order-medium:0;--awb-spacing-right-medium:1.92%;--awb-spacing-left-medium:1.92%;--awb-width-small:100%;--awb-order-small:0;--awb-spacing-right-small:1.92%;--awb-spacing-left-small:1.92%;\"><div class=\"fusion-column-wrapper fusion-column-has-shadow fusion-flex-justify-content-flex-start fusion-content-layout-column\"><div class=\"fusion-title title fusion-title-27 fusion-sep-none fusion-title-text fusion-title-size-four\" style=\"--awb-margin-left:16%;\"><h4 class=\"fusion-title-heading title-heading-left\" style=\"margin:0;\">Terapeuta in Terapia degli Schemi<\/h4><\/div><\/div><\/div><div class=\"fusion-layout-column fusion_builder_column_inner fusion-builder-nested-column-33 fusion-flex-column fusion-flex-align-self-center\" style=\"--awb-bg-size:cover;--awb-transition:filter 300ms ease-in, transform 300ms ease-in, background-color 300ms ease-in, border-color 300ms ease-in;--awb-width-large:10%;--awb-margin-top-large:0px;--awb-spacing-right-large:0px;--awb-margin-bottom-large:20px;--awb-spacing-left-large:19.2%;--awb-width-medium:10%;--awb-order-medium:0;--awb-spacing-right-medium:19.2%;--awb-spacing-left-medium:19.2%;--awb-width-small:100%;--awb-order-small:0;--awb-spacing-right-small:1.92%;--awb-spacing-left-small:1.92%;\"><div class=\"fusion-column-wrapper fusion-column-has-shadow fusion-flex-justify-content-center fusion-content-layout-column\"><a class=\"fb-icon-element-13 fb-icon-element fontawesome-icon fa-project-diagram fas circle-yes fusion-text-flow fusion-link\" style=\"--awb-iconcolor:var(--awb-color5);--awb-iconcolor-hover:#ffffff;--awb-circlecolor:#f5f7f9;--awb-circlecolor-hover:#f5f7f9;--awb-circlebordercolor-hover:var(--awb-color8);--awb-circlebordersize:0px;--awb-font-size:42.24px;--awb-width:84.48px;--awb-height:84.48px;--awb-line-height:84.48px;--awb-border-radius-top-l:24px;--awb-border-radius-top-r:24px;--awb-border-radius-bot-r:24px;--awb-border-radius-bot-l:24px;--awb-margin-right:24px;--awb-sm-align-self:center;\" href=\"#\" target=\"_self\" aria-label=\"Link to #\"><\/a><\/div><\/div><div class=\"fusion-layout-column fusion_builder_column_inner fusion-builder-nested-column-34 fusion_builder_column_inner_3_5 3_5 fusion-flex-column fusion-flex-align-self-stretch\" style=\"--awb-bg-size:cover;--awb-width-large:60%;--awb-margin-top-large:0px;--awb-spacing-right-large:0%;--awb-margin-bottom-large:20px;--awb-spacing-left-large:3.2%;--awb-width-medium:60%;--awb-order-medium:0;--awb-spacing-right-medium:0%;--awb-spacing-left-medium:6.4%;--awb-width-small:100%;--awb-order-small:0;--awb-spacing-right-small:1.92%;--awb-spacing-left-small:1.92%;\"><div class=\"fusion-column-wrapper fusion-column-has-shadow fusion-flex-justify-content-flex-start fusion-content-layout-column\"><div class=\"fusion-title title fusion-title-28 fusion-sep-none fusion-title-text fusion-title-size-three\" style=\"--awb-text-color:#040d16;--awb-margin-top:12px;--awb-margin-bottom:12px;--awb-font-size:16px;\"><h3 class=\"fusion-title-heading title-heading-left sm-text-align-center\" style=\"font-family:&quot;Manrope&quot;;font-style:normal;font-weight:500;margin:0;letter-spacing:0.015em;text-transform:var(--awb-typography2-text-transform);font-size:1em;line-height:1.4em;\">Formazione certificante in Terapia degli Schemi<\/p>\n<p>Centro di formazione \u201cStudi cognitivi\u201d &#8211; Rimini (Italia)<\/p>\n<p>Percorso di supervisione clinica individuale e di gruppo<\/h3><\/div><\/div><\/div><\/div><div style=\"text-align:center;\"><a class=\"fusion-button button-flat fusion-button-default-size button-default fusion-button-default button-18 fusion-button-default-span fusion-button-default-type\" style=\"--button_margin-bottom:3%;\" target=\"_self\" href=\"https:\/\/www.psychologue-fornillo.com\/therapie-des-schemas\/\"><span class=\"fusion-button-text awb-button__text awb-button__text--default\">Scopri di pi\u00f9 sulla Terapia degli Schemi<\/span><\/a><\/div><div class=\"fusion-builder-row fusion-builder-row-inner fusion-row fusion-flex-align-items-center fusion-flex-justify-content-center fusion-flex-content-wrap\" style=\"width:104% !important;max-width:104% !important;margin-left: calc(-4% \/ 2 );margin-right: calc(-4% \/ 2 );\"><div class=\"fusion-layout-column fusion_builder_column_inner fusion-builder-nested-column-35 fusion_builder_column_inner_1_1 1_1 fusion-flex-column\" style=\"--awb-bg-size:cover;--awb-width-large:100%;--awb-margin-top-large:0px;--awb-spacing-right-large:1.92%;--awb-margin-bottom-large:20px;--awb-spacing-left-large:1.92%;--awb-width-medium:100%;--awb-order-medium:0;--awb-spacing-right-medium:1.92%;--awb-spacing-left-medium:1.92%;--awb-width-small:100%;--awb-order-small:0;--awb-spacing-right-small:1.92%;--awb-spacing-left-small:1.92%;\"><div class=\"fusion-column-wrapper fusion-column-has-shadow fusion-flex-justify-content-flex-start fusion-content-layout-column\"><div class=\"fusion-title title fusion-title-29 fusion-sep-none fusion-title-text fusion-title-size-four\" style=\"--awb-margin-left:16%;\"><h4 class=\"fusion-title-heading title-heading-left\" style=\"margin:0;\">Terapeuta in Terapia LI-ICV<\/h4><\/div><\/div><\/div><div class=\"fusion-layout-column fusion_builder_column_inner fusion-builder-nested-column-36 fusion-flex-column fusion-flex-align-self-center\" style=\"--awb-bg-size:cover;--awb-transition:filter 300ms ease-in, transform 300ms ease-in, background-color 300ms ease-in, border-color 300ms ease-in;--awb-width-large:10%;--awb-margin-top-large:0px;--awb-spacing-right-large:0px;--awb-margin-bottom-large:20px;--awb-spacing-left-large:19.2%;--awb-width-medium:10%;--awb-order-medium:0;--awb-spacing-right-medium:19.2%;--awb-spacing-left-medium:19.2%;--awb-width-small:100%;--awb-order-small:0;--awb-spacing-right-small:1.92%;--awb-spacing-left-small:1.92%;\"><div class=\"fusion-column-wrapper fusion-column-has-shadow fusion-flex-justify-content-center fusion-content-layout-column\"><a class=\"fb-icon-element-14 fb-icon-element fontawesome-icon fa-leaf fas circle-yes fusion-text-flow fusion-link\" style=\"--awb-iconcolor:var(--awb-color4);--awb-iconcolor-hover:#ffffff;--awb-circlecolor:#f5f7f9;--awb-circlecolor-hover:#f5f7f9;--awb-circlebordercolor-hover:var(--awb-color8);--awb-circlebordersize:0px;--awb-font-size:42.24px;--awb-width:84.48px;--awb-height:84.48px;--awb-line-height:84.48px;--awb-border-radius-top-l:24px;--awb-border-radius-top-r:24px;--awb-border-radius-bot-r:24px;--awb-border-radius-bot-l:24px;--awb-margin-right:24px;--awb-sm-align-self:center;\" href=\"#\" target=\"_self\" aria-label=\"Link to #\"><\/a><\/div><\/div><div class=\"fusion-layout-column fusion_builder_column_inner fusion-builder-nested-column-37 fusion_builder_column_inner_3_5 3_5 fusion-flex-column fusion-flex-align-self-stretch\" style=\"--awb-bg-size:cover;--awb-width-large:60%;--awb-margin-top-large:0px;--awb-spacing-right-large:0%;--awb-margin-bottom-large:20px;--awb-spacing-left-large:3.2%;--awb-width-medium:60%;--awb-order-medium:0;--awb-spacing-right-medium:0%;--awb-spacing-left-medium:6.4%;--awb-width-small:100%;--awb-order-small:0;--awb-spacing-right-small:1.92%;--awb-spacing-left-small:1.92%;\"><div class=\"fusion-column-wrapper fusion-column-has-shadow fusion-flex-justify-content-flex-start fusion-content-layout-column\"><div class=\"fusion-title title fusion-title-30 fusion-sep-none fusion-title-text fusion-title-size-three\" style=\"--awb-text-color:#040d16;--awb-margin-top:12px;--awb-margin-bottom:12px;--awb-font-size:16px;\"><h3 class=\"fusion-title-heading title-heading-left sm-text-align-center\" style=\"font-family:&quot;Manrope&quot;;font-style:normal;font-weight:500;margin:0;letter-spacing:0.015em;text-transform:var(--awb-typography2-text-transform);font-size:1em;line-height:1.4em;\"><div>Formazione sull\u2019Integrazione del Ciclo di Vita &#8211; Livello 1 e 2<\/div>\n<div>Institut Double H\u00e9lice &#8211; Parigi<\/div><\/h3><\/div><\/div><\/div><\/div><div style=\"text-align:center;\"><a class=\"fusion-button button-flat fusion-button-default-size button-default fusion-button-default button-19 fusion-button-default-span fusion-button-default-type\" style=\"--button_margin-bottom:3%;\" target=\"_self\" href=\"https:\/\/www.psychologue-fornillo.com\/la-therapie-de-lintegration-du-cycle-de-vie-li-icv\/\"><span class=\"fusion-button-text awb-button__text awb-button__text--default\">Scopri di pi\u00f9 sulla Terapia LI-ICV<\/span><\/a><\/div><div class=\"fusion-modal modal fade modal-8 therapieschemas\" tabindex=\"-1\" role=\"dialog\" aria-labelledby=\"modal-heading-8\" aria-hidden=\"true\" style=\"--awb-border-color:var(--awb-color3);--awb-background:var(--awb-color1);\"><div class=\"modal-dialog modal-lg\" role=\"document\"><div class=\"modal-content fusion-modal-content\"><div class=\"modal-header\"><button class=\"close\" type=\"button\" data-dismiss=\"modal\" aria-hidden=\"true\" aria-label=\"Close\">&times;<\/button><h3 class=\"modal-title\" id=\"modal-heading-8\" data-dismiss=\"modal\" aria-hidden=\"true\">LA TERAPIA DEGLI SCHEMI<\/h3><\/div><div class=\"modal-body fusion-clearfix\">\n<p class=\"Pardfaut\" style=\"text-align: justify; text-justify: inter-ideograph; line-height: 150%; margin: 0cm 0cm 20.0pt 0cm;\"><span style=\"color: #141617; background: white;\">La terapia degli schemi \u00e8 un\u2019<span class=\"Aucun\"><b>approccio psicoterapeutico di nuova generazione che integra diversi approcci<\/b><\/span>. Nata per il trattamento dei disturbi di personalit\u00e0, si \u00e8 dimostrata una terapia efficace anche per il trattamento di altri disturbi come il disturbo d\u2019ansia o depressivo, soprattutto quando sono presenti da molto tempo. <\/span><\/p>\n<p class=\"Pardfaut\" style=\"text-align: justify; text-justify: inter-ideograph; line-height: 150%; margin: 0cm 0cm 20.0pt 0cm;\"><span style=\"color: #141617; background: white;\">La terapia degli schemi \u00e8 stata sviluppata da Jeffrey Young e integra aspetti della teoria cognitivo-comportamentale, costruttivista, della psicoanalisi, della terapia della Gestalt; della terapia focalizzata sulle emozioni e sulla teoria dell\u2019attaccamento per aiutare i pazienti a superare le loro difficolt\u00e0 personali e relazionali. <\/span><\/p>\n<p class=\"Pardfaut\" style=\"text-align: justify; text-justify: inter-ideograph; line-height: 150%; margin: 0cm 0cm 20.0pt 0cm;\"><span style=\"color: #141617; background: white;\">La terapia degli schemi <span class=\"Aucun\"><b>si concentra sull\u2019identificazione e la modifica degli schemi precoci disadattivi e disfunzionali di pensiero e comportamento che si sviluppano spesso durante l\u2019infanzia e possono portare a disturbi come la depressione, i disturbi d\u2019ansia, le dipendenze e i disturbi di personalit\u00e0.<\/b><\/span><\/span><\/p>\n<div class=\"fusion-button-wrapper\"><a class=\"fusion-button button-flat fusion-button-default-size button-default fusion-button-default button-20 fusion-button-default-span fusion-button-default-type\" target=\"_self\" href=\"https:\/\/www.psychologue-fornillo.com\/prise-de-rendez-vous\/\"><span class=\"fusion-button-text awb-button__text awb-button__text--default\">Prenota un appuntamento<\/span><\/a><\/div><\/div><\/div><\/div><\/div><div class=\"fusion-builder-row fusion-builder-row-inner fusion-row fusion-flex-align-items-center fusion-flex-justify-content-center fusion-flex-content-wrap\" style=\"width:104% !important;max-width:104% !important;margin-left: calc(-4% \/ 2 );margin-right: calc(-4% \/ 2 );\"><div class=\"fusion-layout-column fusion_builder_column_inner fusion-builder-nested-column-38 fusion_builder_column_inner_1_1 1_1 fusion-flex-column\" style=\"--awb-bg-size:cover;--awb-width-large:100%;--awb-margin-top-large:0px;--awb-spacing-right-large:1.92%;--awb-margin-bottom-large:20px;--awb-spacing-left-large:1.92%;--awb-width-medium:100%;--awb-order-medium:0;--awb-spacing-right-medium:1.92%;--awb-spacing-left-medium:1.92%;--awb-width-small:100%;--awb-order-small:0;--awb-spacing-right-small:1.92%;--awb-spacing-left-small:1.92%;\"><div class=\"fusion-column-wrapper fusion-column-has-shadow fusion-flex-justify-content-flex-start fusion-content-layout-column\"><div class=\"fusion-title title fusion-title-31 fusion-sep-none fusion-title-text fusion-title-size-four\" style=\"--awb-margin-left:16%;\"><h4 class=\"fusion-title-heading title-heading-left\" style=\"margin:0;\">Ipnoterapeuta<\/h4><\/div><\/div><\/div><div class=\"fusion-layout-column fusion_builder_column_inner fusion-builder-nested-column-39 fusion-flex-column fusion-flex-align-self-center\" style=\"--awb-bg-size:cover;--awb-width-large:10%;--awb-margin-top-large:0px;--awb-spacing-right-large:0px;--awb-margin-bottom-large:20px;--awb-spacing-left-large:19.2%;--awb-width-medium:10%;--awb-order-medium:0;--awb-spacing-right-medium:19.2%;--awb-spacing-left-medium:19.2%;--awb-width-small:100%;--awb-order-small:0;--awb-spacing-right-small:1.92%;--awb-spacing-left-small:1.92%;\"><div class=\"fusion-column-wrapper fusion-column-has-shadow fusion-flex-justify-content-flex-start fusion-content-layout-column\"><a class=\"fb-icon-element-15 fb-icon-element fontawesome-icon fa-cloud fas circle-yes fusion-text-flow fusion-link\" style=\"--awb-iconcolor:var(--awb-color5);--awb-iconcolor-hover:#ffffff;--awb-circlecolor:#f5f7f9;--awb-circlecolor-hover:#f5f7f9;--awb-circlebordercolor-hover:var(--awb-color8);--awb-circlebordersize:0px;--awb-font-size:42.24px;--awb-width:84.48px;--awb-height:84.48px;--awb-line-height:84.48px;--awb-border-radius-top-l:24px;--awb-border-radius-top-r:24px;--awb-border-radius-bot-r:24px;--awb-border-radius-bot-l:24px;--awb-margin-right:24px;--awb-sm-align-self:center;\" href=\"#\" target=\"_self\" aria-label=\"Link to #\"><\/a><\/div><\/div><div class=\"fusion-layout-column fusion_builder_column_inner fusion-builder-nested-column-40 fusion_builder_column_inner_3_5 3_5 fusion-flex-column fusion-flex-align-self-stretch\" style=\"--awb-bg-size:cover;--awb-width-large:60%;--awb-margin-top-large:0px;--awb-spacing-right-large:0%;--awb-margin-bottom-large:20px;--awb-spacing-left-large:3.2%;--awb-width-medium:60%;--awb-order-medium:0;--awb-spacing-right-medium:0%;--awb-spacing-left-medium:6.4%;--awb-width-small:100%;--awb-order-small:0;--awb-spacing-right-small:1.92%;--awb-spacing-left-small:1.92%;\"><div class=\"fusion-column-wrapper fusion-column-has-shadow fusion-flex-justify-content-flex-start fusion-content-layout-column\"><div class=\"fusion-title title fusion-title-32 fusion-sep-none fusion-title-text fusion-title-size-three\" style=\"--awb-text-color:#040d16;--awb-margin-top:12px;--awb-margin-bottom:12px;--awb-font-size:16px;\"><h3 class=\"fusion-title-heading title-heading-left sm-text-align-center\" style=\"font-family:&quot;Manrope&quot;;font-style:normal;font-weight:500;margin:0;letter-spacing:0.015em;text-transform:var(--awb-typography2-text-transform);font-size:1em;line-height:1.4em;\">Formazione in Ipnosi: \u201cTecniche tradizionali e rapide di induzione ipnotica\u201d<br \/>\nCentro di Ipnosi Medica del Dr. GONELLA Angelo &#8211; Torino (Italia)<\/h3><\/div><\/div><\/div><\/div><div style=\"text-align:center;\"><a class=\"fusion-button button-flat fusion-button-default-size button-default fusion-button-default button-21 fusion-button-default-span fusion-button-default-type\" style=\"--button_margin-bottom:3%;\" target=\"_self\" href=\"https:\/\/www.psychologue-fornillo.com\/hypnose\/\"><span class=\"fusion-button-text awb-button__text awb-button__text--default\">Scopri di pi\u00f9 sull\u2019Ipnosi<\/span><\/a><\/div><div class=\"fusion-modal modal fade modal-9 hypnose\" tabindex=\"-1\" role=\"dialog\" aria-labelledby=\"modal-heading-9\" aria-hidden=\"true\" style=\"--awb-border-color:var(--awb-color3);--awb-background:var(--awb-color1);\"><div class=\"modal-dialog modal-lg\" role=\"document\"><div class=\"modal-content fusion-modal-content\"><div class=\"modal-header\"><button class=\"close\" type=\"button\" data-dismiss=\"modal\" aria-hidden=\"true\" aria-label=\"Close\">&times;<\/button><h3 class=\"modal-title\" id=\"modal-heading-9\" data-dismiss=\"modal\" aria-hidden=\"true\">L&apos;Ipnosi<\/h3><\/div><div class=\"modal-body fusion-clearfix\">\n<p class=\"Pardfaut\" style=\"text-align: justify; text-justify: inter-ideograph; line-height: 150%; margin: 0cm 0cm 16.0pt 0cm;\"><span style=\"background: white;\">L\u2019ipnosi \u00e8 una disciplina che permette di raggiungere uno stato di coscienza diverso dallo stato di veglia comune, e che permette di entrare in uno stato di trance ipnotica.<\/span><\/p>\n<p class=\"Pardfaut\" style=\"text-align: justify; text-justify: inter-ideograph; line-height: 150%; margin: 0cm 0cm 16.0pt 0cm;\"><span style=\"background: white;\">In questo stato l\u2019attenzione della persona \u00e8 orientata e focalizzata verso il suo mondo interiore. Si tratta di uno stato naturale che pu\u00f2 verificarsi spontaneamente durante la giornata e che permette di recuperare energia, rielaborare esperienze vissute, entrare in contatto con le proprie fantasie, desideri e il proprio potenziale.  <\/span><\/p>\n<p class=\"Pardfaut\" style=\"text-align: justify; text-justify: inter-ideograph; line-height: 150%; margin: 0cm 0cm 16.0pt 0cm;\"><span style=\"background: white;\">L\u2019ipnoterapia permette uno stato di modificazione della coscienza in cui la persona sente e ricorda tutto ci\u00f2 che accade durante la seduta.<\/span><\/p>\n<p class=\"Pardfaut\" style=\"margin-top: 0cm; text-align: justify; text-justify: inter-ideograph; line-height: 150%;\"><span style=\"background: white;\">L\u2019ipnosi permette di agire sulle risorse dell\u2019individuo che non sono accessibili alla coscienza. Di parlare con il proprio inconscio al fine di mobilitare le sue capacit\u00e0 profonde e le sue risorse.<\/span><\/p>\n<p class=\"Pardfaut\" style=\"margin-top: 0cm; text-align: justify; text-justify: inter-ideograph; line-height: 150%;\"><span style=\"background: white;\">Se la persona \u00e8 ricettiva, l\u2019ipnosi: <\/span><\/p>\n<p class=\"Pardfaut\" style=\"margin-top: 0cm; text-align: justify; text-justify: inter-ideograph; line-height: 150%;\"><span class=\"Aucun\"><b><span style=\"background: white;\">Migliora<\/span><\/b><\/span><span style=\"background: white;\"> una performance scolastica o sportiva: la persona pu\u00f2 rafforzare le capacit\u00e0 e competenze fisiche o intellettuali gi\u00e0 presenti;<\/span><\/p>\n<p class=\"Pardfaut\" style=\"margin-top: 0cm; text-align: justify; text-justify: inter-ideograph; line-height: 150%;\"><span class=\"Aucun\"><b><span style=\"background: white;\">Facilita<\/span><\/b><\/span><span style=\"background: white;\"> il riequilibrio psico-emotivo <\/span> <\/p>\n<p class=\"Pardfaut\" style=\"margin-top: 0cm; text-align: justify; text-justify: inter-ideograph; line-height: 150%;\"><span class=\"Aucun\"><b><span style=\"background: white;\">Favorisce <\/span><\/b><\/span><span style=\"background: white;\">uno stato di benessere fisico e psicologico<\/span><\/p>\n<p class=\"Pardfaut\" style=\"margin-top: 0cm; text-align: justify; text-justify: inter-ideograph; line-height: 150%;\"><span class=\"Aucun\"><b><span style=\"background: white;\">Aiuta<\/span><\/b><\/span><span style=\"background: white;\"> a diminuire i dolori<\/span><\/p>\n<div class=\"fusion-button-wrapper\"><a class=\"fusion-button button-flat fusion-button-default-size button-default fusion-button-default button-22 fusion-button-default-span fusion-button-default-type\" target=\"_self\" href=\"https:\/\/www.psychologue-fornillo.com\/prise-de-rendez-vous\/\"><span class=\"fusion-button-text awb-button__text awb-button__text--default\">Prenota un appuntamento<\/span><\/a><\/div><\/div><\/div><\/div><\/div><div class=\"fusion-builder-row fusion-builder-row-inner fusion-row fusion-flex-align-items-center fusion-flex-justify-content-center fusion-flex-content-wrap\" style=\"width:104% !important;max-width:104% !important;margin-left: calc(-4% \/ 2 );margin-right: calc(-4% \/ 2 );\"><div class=\"fusion-layout-column fusion_builder_column_inner fusion-builder-nested-column-41 fusion_builder_column_inner_1_1 1_1 fusion-flex-column\" style=\"--awb-bg-size:cover;--awb-width-large:100%;--awb-margin-top-large:0px;--awb-spacing-right-large:1.92%;--awb-margin-bottom-large:20px;--awb-spacing-left-large:1.92%;--awb-width-medium:100%;--awb-order-medium:0;--awb-spacing-right-medium:1.92%;--awb-spacing-left-medium:1.92%;--awb-width-small:100%;--awb-order-small:0;--awb-spacing-right-small:1.92%;--awb-spacing-left-small:1.92%;\"><div class=\"fusion-column-wrapper fusion-column-has-shadow fusion-flex-justify-content-flex-start fusion-content-layout-column\"><div class=\"fusion-title title fusion-title-33 fusion-sep-none fusion-title-text fusion-title-size-four\" style=\"--awb-margin-left:16%;\"><h4 class=\"fusion-title-heading title-heading-left\" style=\"margin:0;\">Terapeuta clinico in Training Autogeno<\/h4><\/div><\/div><\/div><div class=\"fusion-layout-column fusion_builder_column_inner fusion-builder-nested-column-42 fusion-flex-column fusion-flex-align-self-stretch\" style=\"--awb-bg-size:cover;--awb-width-large:10%;--awb-margin-top-large:0px;--awb-spacing-right-large:0px;--awb-margin-bottom-large:20px;--awb-spacing-left-large:19.2%;--awb-width-medium:10%;--awb-order-medium:0;--awb-spacing-right-medium:19.2%;--awb-spacing-left-medium:19.2%;--awb-width-small:100%;--awb-order-small:0;--awb-spacing-right-small:1.92%;--awb-spacing-left-small:1.92%;\"><div class=\"fusion-column-wrapper fusion-column-has-shadow fusion-flex-justify-content-flex-start fusion-content-layout-column\"><a class=\"fb-icon-element-16 fb-icon-element fontawesome-icon fa-brain fas circle-yes fusion-text-flow fusion-link\" style=\"--awb-iconcolor:var(--awb-color4);--awb-iconcolor-hover:#ffffff;--awb-circlecolor:#f5f7f9;--awb-circlecolor-hover:#f5f7f9;--awb-circlebordercolor-hover:var(--awb-color8);--awb-circlebordersize:0px;--awb-font-size:42.24px;--awb-width:84.48px;--awb-height:84.48px;--awb-line-height:84.48px;--awb-border-radius-top-l:24px;--awb-border-radius-top-r:24px;--awb-border-radius-bot-r:24px;--awb-border-radius-bot-l:24px;--awb-margin-right:24px;--awb-sm-align-self:center;\" href=\"#\" target=\"_self\" aria-label=\"Link to #\"><\/a><\/div><\/div><div class=\"fusion-layout-column fusion_builder_column_inner fusion-builder-nested-column-43 fusion_builder_column_inner_3_5 3_5 fusion-flex-column fusion-flex-align-self-stretch\" style=\"--awb-bg-size:cover;--awb-width-large:60%;--awb-margin-top-large:0px;--awb-spacing-right-large:0%;--awb-margin-bottom-large:20px;--awb-spacing-left-large:3.2%;--awb-width-medium:60%;--awb-order-medium:0;--awb-spacing-right-medium:0%;--awb-spacing-left-medium:6.4%;--awb-width-small:100%;--awb-order-small:0;--awb-spacing-right-small:1.92%;--awb-spacing-left-small:1.92%;\"><div class=\"fusion-column-wrapper fusion-column-has-shadow fusion-flex-justify-content-flex-start fusion-content-layout-column\"><div class=\"fusion-title title fusion-title-34 fusion-sep-none fusion-title-text fusion-title-size-three\" style=\"--awb-text-color:#040d16;--awb-margin-top:12px;--awb-margin-bottom:12px;--awb-font-size:16px;\"><h3 class=\"fusion-title-heading title-heading-left sm-text-align-center\" style=\"font-family:&quot;Manrope&quot;;font-style:normal;font-weight:500;margin:0;letter-spacing:0.015em;text-transform:var(--awb-typography2-text-transform);font-size:1em;line-height:1.4em;\">Formazione certificante \u201cTerapeuta Clinico in Training Autogeno\u201d<br \/>\nAssociazione degli Psicologi della Lombardia, Milano (Italia).<\/h3><\/div><\/div><\/div><\/div><div style=\"text-align:center;\"><a class=\"fusion-button button-flat fusion-button-default-size button-default fusion-button-default button-23 fusion-button-default-span fusion-button-default-type\" style=\"--button_margin-bottom:3%;\" target=\"_self\" href=\"https:\/\/www.psychologue-fornillo.com\/training-autogene\/\"><span class=\"fusion-button-text awb-button__text awb-button__text--default\">Scopri di pi\u00f9 sul Training Autogeno<\/span><\/a><\/div><div class=\"fusion-modal modal fade modal-10 autogene\" tabindex=\"-1\" role=\"dialog\" aria-labelledby=\"modal-heading-10\" aria-hidden=\"true\" style=\"--awb-border-color:var(--awb-color3);--awb-background:var(--awb-color1);\"><div class=\"modal-dialog modal-lg\" role=\"document\"><div class=\"modal-content fusion-modal-content\"><div class=\"modal-header\"><button class=\"close\" type=\"button\" data-dismiss=\"modal\" aria-hidden=\"true\" aria-label=\"Close\">&times;<\/button><h3 class=\"modal-title\" id=\"modal-heading-10\" data-dismiss=\"modal\" aria-hidden=\"true\">Training Autogeno<\/h3><\/div><div class=\"modal-body fusion-clearfix\">\n<p class=\"Pardfaut\" style=\"text-align: justify; text-justify: inter-ideograph; line-height: 150%; margin: 0cm 0cm 16.0pt 0cm;\">Il \u201c<strong>training autogeno di Schultz<\/strong>\u201d \u00e8 un metodo <strong>semplice ed efficace<\/strong> basato sul rilassamento e sull\u2019autosuggestione (autoipnosi) caratterizzato dall\u2019apprendimento e dall\u2019utilizzo regolare e quotidiano di un protocollo specifico. Il training autogeno permette di apportare modifiche fisiologiche e psicologiche poich\u00e9 agisce sul sistema nervoso vegetativo e sulla consapevolezza del proprio corpo. Johannes Heinrich Schultz, medico psichiatra, neurologo e psicoterapeuta, pubblica il suo metodo, il Training autogeno nel 1932. Il training autogeno ha lo scopo di provocare una disconnessione per permettere il rilassamento del corpo e anche della mente.   <\/p>\n<p class=\"Pardfaut\" style=\"text-align: justify; text-justify: inter-ideograph; line-height: 150%; margin: 0cm 0cm 16.0pt 0cm;\">Il training autogeno \u00e8 una forma di allenamento psico-fisiologico che produce benefici in diversi ambiti: sportivo, professionale, medico,<br \/>\npsicoterapeutico, scolastico e artistico. Il training autogeno d\u00e0 buoni risultati per tutto ci\u00f2 che \u00e8 di ordine emotivo e<br \/>\npsicosomatico. <\/p>\n<p class=\"Pardfaut\" style=\"text-align: justify; text-justify: inter-ideograph; line-height: 150%; margin: 0cm 0cm 16.0pt 0cm;\"><strong>I principi e la pratica del training autogeno<\/strong><\/p>\n<p class=\"Pardfaut\" style=\"text-align: justify; text-justify: inter-ideograph; line-height: 150%; margin: 0cm 0cm 16.0pt 0cm;\">Il termine \u201cTraining\u201d significa letteralmente \u201callenamento\u201d e \u201cautogeno\u201d che si autogenera.<\/p>\n<p class=\"Pardfaut\" style=\"text-align: justify; text-justify: inter-ideograph; line-height: 150%; margin: 0cm 0cm 16.0pt 0cm;\">Cos\u00ec, l\u2019individuo dedica un tempo regolare e quotidiano per permettere che i comportamenti si autogenerino grazie alla ripetizione di esercizi con regolarit\u00e0 e costanza.<\/p>\n<p class=\"Pardfaut\" style=\"text-align: justify; text-justify: inter-ideograph; line-height: 150%; margin: 0cm 0cm 16.0pt 0cm;\"><strong>I benefici del training autogeno<\/strong><\/p>\n<p>Il training autogeno permette:<\/p>\n<ul>\n<li>Un <strong>rilassamento psicosomatico<\/strong><\/li>\n<li>Di ritrovare la <strong>calma, migliorare il sonno<\/strong> imparando ad <strong>addormentarsi pi\u00f9 rapidamente<\/strong><\/li>\n<li>Di imparare a <strong>gestire meglio lo stress<\/strong><\/li>\n<li>Di imparare a controllare le compulsioni e le somatizzazioni<\/li>\n<li>Di <strong>superare momenti di stanchezza durante la giornata<\/strong><\/li>\n<li>Di ridurre le sensazioni di dolore<\/li>\n<li>Di <strong>migliorare la capacit\u00e0 di autocontrollo emotivo di fronte a eventi <\/strong><strong>stressanti<\/strong><\/li>\n<li>Lo sviluppo di alcune capacit\u00e0 mentali come la <strong>memoria, la consapevolezza, l\u2019introspezione<\/strong><\/li>\n<li>Lo sviluppo delle prestazioni sportive, scolastiche e professionali grazie a un migliore autocontrollo<\/li>\n<li>Di sviluppare la <strong>piena consapevolezza e il momento presente<\/strong><\/li>\n<\/ul>\n<p class=\"Pardfaut\" style=\"text-align: justify; text-justify: inter-ideograph; line-height: 150%; margin: 0cm 0cm 16.0pt 0cm;\"><strong>Controindicazioni nella pratica del Training Autogeno<\/strong><\/p>\n<p class=\"Pardfaut\" style=\"text-align: justify; text-justify: inter-ideograph; line-height: 150%; margin: 0cm 0cm 16.0pt 0cm;\">Il training autogeno \u00e8 un metodo efficace, adatto a tutte le et\u00e0. Esistono tuttavia situazioni in cui la pratica \u00e8 controindicata: <\/p>\n<ul>\n<li style=\"list-style-type: none;\">\n<ul>\n<li class=\"Pardfaut\" style=\"text-align: justify; line-height: 150%;\">Nelle situazioni di psicopatologie come gravi forme di disturbo<br \/>\nossessivo-compulsivo, ipocondria, depressione grave, psicosi.<\/li>\n<li class=\"Pardfaut\" style=\"text-align: justify; line-height: 150%;\">Nelle patologie organiche, minaccia di infarto o infarto recente, insufficienza<br \/>\ncardiaca, diabete, ipotensione.<\/li>\n<\/ul>\n<\/li>\n<\/ul>\n<p>Un colloquio individuale \u00e8 richiesto prima dell\u2019inizio del training al fine di valutare con la persona se il Training autogeno \u00e8 adatto. Ogni persona e situazione \u00e8 unica, la situazione verr\u00e0 valutata caso per caso. <\/p>\n<p><strong>\u201c\u201cImparare il Training Autogeno \u00e8 un investimento sul proprio benessere che non perder\u00e0 mai valore e che dar\u00e0 i suoi frutti per tutta la nostra esistenza\u201d\u201d<\/strong><\/p>\n<div class=\"fusion-button-wrapper\"><a class=\"fusion-button button-flat fusion-button-default-size button-default fusion-button-default button-24 fusion-button-default-span fusion-button-default-type\" target=\"_self\" href=\"https:\/\/www.psychologue-fornillo.com\/prise-de-rendez-vous\/\"><span class=\"fusion-button-text awb-button__text awb-button__text--default\">Prenota un appuntamento<\/span><\/a><\/div><\/div><\/div><\/div><\/div><\/div><\/div><div class=\"fusion-layout-column fusion_builder_column fusion-builder-column-11 fusion_builder_column_1_1 1_1 fusion-flex-column fusion-column-inner-bg-wrapper\" style=\"--awb-inner-bg-size:cover;--awb-border-color:#dce0e3;--awb-border-style:dashed;--awb-transform:translateY(0px);--awb-transform-hover:translateY(-15px);--awb-width-large:100%;--awb-margin-top-large:0px;--awb-spacing-right-large:1.92%;--awb-margin-bottom-large:30px;--awb-spacing-left-large:1.92%;--awb-width-medium:100%;--awb-order-medium:0;--awb-spacing-right-medium:1.92%;--awb-spacing-left-medium:1.92%;--awb-width-small:100%;--awb-order-small:0;--awb-spacing-right-small:1.92%;--awb-spacing-left-small:1.92%;\"><span class=\"fusion-column-inner-bg hover-type-none\"><a class=\"fusion-column-anchor\" href=\"#\"><span class=\"fusion-column-inner-bg-image\"><\/span><\/a><\/span><div class=\"fusion-column-wrapper fusion-column-has-shadow fusion-flex-justify-content-flex-start fusion-content-layout-column\"><div class=\"fusion-title title fusion-title-35 fusion-sep-none fusion-title-center fusion-title-text fusion-title-size-three\"><h3 class=\"fusion-title-heading title-heading-center\" style=\"margin:0;\">Esperienza<\/h3><\/div><div class=\"fusion-text fusion-text-7\" style=\"--awb-content-alignment:center;--awb-font-size:16px;\"><p>Possiedo una solida esperienza professionale acquisita all\u2019interno di diverse associazioni (violenza domestica, disturbo dello spettro autistico, migranti) e all\u2019interno di diverse strutture sanitarie (CMP, Servizio di etnopsichiatria, struttura medico-forense, centro diurno per anziani, adolescenti e adulti con diversi disturbi psicologici e psichiatrici).<\/p>\n<p>Ho anche collaborato con il Consolato Generale dell\u2019Ecuador a Milano e presso diversi centri di formazione in Francia e in Italia.<\/p>\n<p>Dal 2017, esercito come psicologo libero professionista.<\/p>\n<\/div><\/div><\/div><\/div><\/div><\/p>\n","protected":false},"excerpt":{"rendered":"","protected":false},"author":1,"featured_media":0,"parent":0,"menu_order":0,"comment_status":"closed","ping_status":"closed","template":"100-width.php","meta":{"footnotes":""},"class_list":["post-1988","page","type-page","status-publish","hentry"],"_links":{"self":[{"href":"https:\/\/www.psychologue-fornillo.com\/it\/wp-json\/wp\/v2\/pages\/1988","targetHints":{"allow":["GET"]}}],"collection":[{"href":"https:\/\/www.psychologue-fornillo.com\/it\/wp-json\/wp\/v2\/pages"}],"about":[{"href":"https:\/\/www.psychologue-fornillo.com\/it\/wp-json\/wp\/v2\/types\/page"}],"author":[{"embeddable":true,"href":"https:\/\/www.psychologue-fornillo.com\/it\/wp-json\/wp\/v2\/users\/1"}],"replies":[{"embeddable":true,"href":"https:\/\/www.psychologue-fornillo.com\/it\/wp-json\/wp\/v2\/comments?post=1988"}],"version-history":[{"count":6,"href":"https:\/\/www.psychologue-fornillo.com\/it\/wp-json\/wp\/v2\/pages\/1988\/revisions"}],"predecessor-version":[{"id":2241,"href":"https:\/\/www.psychologue-fornillo.com\/it\/wp-json\/wp\/v2\/pages\/1988\/revisions\/2241"}],"wp:attachment":[{"href":"https:\/\/www.psychologue-fornillo.com\/it\/wp-json\/wp\/v2\/media?parent=1988"}],"curies":[{"name":"wp","href":"https:\/\/api.w.org\/{rel}","templated":true}]}}