{"id":1891,"date":"2025-01-31T15:35:05","date_gmt":"2025-01-31T14:35:05","guid":{"rendered":"https:\/\/www.psychologue-fornillo.com\/terapia-de-integracion-del-ciclo-de-vida-li-icv\/"},"modified":"2025-08-13T19:12:35","modified_gmt":"2025-08-13T17:12:35","slug":"terapia-de-integracion-del-ciclo-de-vida-li-icv","status":"publish","type":"page","link":"https:\/\/www.psychologue-fornillo.com\/es\/terapia-de-integracion-del-ciclo-de-vida-li-icv\/","title":{"rendered":"Terapia de Integraci\u00f3n del Ciclo de Vida (LI-ICV)"},"content":{"rendered":"<p><div class=\"fusion-fullwidth fullwidth-box fusion-builder-row-1 fusion-flex-container has-pattern-background has-mask-background hundred-percent-fullwidth non-hundred-percent-height-scrolling fusion-no-small-visibility fusion-no-medium-visibility\" style=\"--awb-border-radius-top-left:0px;--awb-border-radius-top-right:0px;--awb-border-radius-bottom-right:0px;--awb-border-radius-bottom-left:0px;--awb-padding-right:8%;--awb-padding-bottom:25px;--awb-padding-left:8%;--awb-padding-right-medium:60px;--awb-padding-left-medium:60px;--awb-margin-top:-3%;--awb-margin-top-small:0px;--awb-background-color:#ffffff;--awb-background-image:linear-gradient(90deg, #ffffff 60%,rgba(42,157,144,0.1) 0%);--awb-flex-wrap:wrap;\" ><div class=\"fusion-builder-row fusion-row fusion-flex-align-items-flex-start fusion-flex-content-wrap\" style=\"width:104% !important;max-width:104% !important;margin-left: calc(-4% \/ 2 );margin-right: calc(-4% \/ 2 );\"><div class=\"fusion-layout-column fusion_builder_column fusion-builder-column-0 fusion_builder_column_2_5 2_5 fusion-flex-column fusion-flex-align-self-center\" style=\"--awb-padding-top:60px;--awb-bg-size:cover;--awb-width-large:40%;--awb-margin-top-large:0px;--awb-spacing-right-large:0%;--awb-margin-bottom-large:0px;--awb-spacing-left-large:4.8%;--awb-width-medium:40%;--awb-order-medium:0;--awb-spacing-right-medium:0%;--awb-spacing-left-medium:4.8%;--awb-width-small:100%;--awb-order-small:0;--awb-spacing-right-small:1.92%;--awb-spacing-left-small:1.92%;\" data-scroll-devices=\"small-visibility,medium-visibility,large-visibility\"><div class=\"fusion-column-wrapper fusion-column-has-shadow fusion-flex-justify-content-center fusion-content-layout-column\"><div class=\"fusion-text fusion-text-1 fusion-animated fusion-text-no-margin\" style=\"--awb-content-alignment:left;--awb-font-size:18px;--awb-line-height:1.6;--awb-letter-spacing:0px;--awb-text-transform:var(--awb-typography4-text-transform);--awb-text-color:#3b6c80;--awb-margin-bottom:3%;--awb-text-font-family:&quot;Montserrat&quot;;--awb-text-font-style:normal;--awb-text-font-weight:400;\" data-animationType=\"fadeInLeft\" data-animationDuration=\"1.2\" data-animationOffset=\"top-into-view\"><p><b>\u00bfQu\u00e9 es la terapia de Integraci\u00f3n del Ciclo de Vida (LI-ICV)?<\/b><\/p>\n<p><span style=\"font-weight: 400;\">La terapia Lifespan Integration (Integraci\u00f3n del ciclo de vida) (LI-ICV) fue desarrollada a principios de los a\u00f1os 2000 por Peggy Pace, una psicoterapeuta estadounidense.<\/span><\/p>\n<p><span style=\"font-weight: 400;\">La terapia LI-ICV utiliza la memoria autobiogr\u00e1fica para ayudar al paciente a revisitar los eventos de su vida de manera segura. La terapia ICV permite \u201creescribir\u201d las experiencias de manera m\u00e1s tranquila, para que los recuerdos ya no sean una fuente de sufrimiento. <\/span><\/p>\n<p><b>\u00bfA qui\u00e9n se dirige la terapia de Integraci\u00f3n del Ciclo de Vida (LI-ICV)?<\/b><\/p>\n<p><span style=\"font-weight: 400;\">La terapia de Integraci\u00f3n del Ciclo de Vida est\u00e1 especialmente recomendada para personas que sufren de:<\/span><\/p>\n<ul>\n<li><b>Ansiedad cr\u00f3nica y depresi\u00f3n<\/b><span style=\"font-weight: 400;\">: la terapia permitir\u00e1 liberar las emociones reprimidas y reducir los s\u00edntomas de ansiedad y depresi\u00f3n<\/span><\/li>\n<li><b>Traumas complejos<\/b><span style=\"font-weight: 400;\">: la terapia permitir\u00e1 tratar las heridas profundas causadas por abusos, negligencias o violencias repetidas<\/span><\/li>\n<li><b>Bloqueos emocionales y disociaci\u00f3n<\/b><span style=\"font-weight: 400;\">: la terapia permitir\u00e1 recuperar un sentimiento de continuidad emocional y de control<\/span><\/li>\n<\/ul>\n<p><b>\u00bfEn qu\u00e9 consiste la terapia de Integraci\u00f3n del Ciclo de Vida (LI-ICV)?<\/b><\/p>\n<p><span style=\"font-weight: 400;\">La terapia LI-ICV trata \u201ccon suavidad\u201d los traumas porque la exposici\u00f3n es r\u00e1pida y repetida, permitiendo al cerebro sostener su capacidad natural de integraci\u00f3n y \u201cdigesti\u00f3n\u201d de los eventos de la vida.<\/span><span style=\"font-weight: 400;\"><br \/>\n<\/span><span style=\"font-weight: 400;\">La terapia LI-ICV trabaja sobre la historia de vida del sujeto. Terapeuta y paciente construyen juntos una  <\/span><b>l\u00ednea de tiempo. <\/b><\/p>\n<p><span style=\"font-weight: 400;\">La terapia LI-ICV utiliza la t\u00e9cnica de la \u201cl\u00ednea de tiempo\u201d, que permite revivir los recuerdos significativos en un entorno seguro. Durante la sesi\u00f3n, el terapeuta gu\u00eda al paciente en una revisita de su \u201cl\u00ednea de vida\u201d, donde los eventos se abordan en orden cronol\u00f3gico. <\/span><\/p>\n<p><span style=\"font-weight: 400;\">El trabajo terap\u00e9utico consiste en<\/span><b> la<\/b> <b>repetici\u00f3n de esta l\u00ednea de tiempo<\/b><span style=\"font-weight: 400;\">. Este trabajo se realiza tambi\u00e9n gracias al<\/span><b>sinton\u00eda<\/b><span style=\"font-weight: 400;\"> entre el paciente y el terapeuta que permite crear una buena alianza terap\u00e9utica y favorece la regulaci\u00f3n emocional del paciente.<\/span><\/p>\n<p><span style=\"font-weight: 400;\">La exposici\u00f3n breve y repetida permite la integraci\u00f3n neuronal necesaria para el desarrollo de un sentimiento cada vez mayor de seguridad interna y aceptaci\u00f3n. <\/span><\/p>\n<p><b>\u00bfLos Beneficios de la terapia de Integraci\u00f3n del Ciclo de Vida LI-ICV?<\/b><\/p>\n<p><span style=\"font-weight: 400;\"> La terapia LI-ICV permite:<\/span><\/p>\n<ul>\n<li style=\"font-weight: 400;\" aria-level=\"1\"><span style=\"font-weight: 400;\">La integraci\u00f3n de un evento traum\u00e1tico espec\u00edfico (por ejemplo: un fallecimiento, una enfermedad, una agresi\u00f3n, un accidente de tr\u00e1fico, etc.)<\/span><\/li>\n<li style=\"font-weight: 400;\" aria-level=\"1\"><span style=\"font-weight: 400;\">Reprocesar los recuerdos dolorosos<\/span><\/li>\n<li style=\"font-weight: 400;\" aria-level=\"1\"><span style=\"font-weight: 400;\">Un trabajo de fondo que permite a la persona integrar su historia de vida en su globalidad<\/span><\/li>\n<\/ul>\n<\/div><\/div><\/div><div class=\"fusion-layout-column fusion_builder_column fusion-builder-column-1 fusion_builder_column_3_5 3_5 fusion-flex-column fusion-flex-align-self-center\" style=\"--awb-bg-size:cover;--awb-transform:translateY(0px);--awb-transform-hover:translateY(-10px);--awb-width-large:60%;--awb-margin-top-large:0px;--awb-spacing-right-large:3.2%;--awb-margin-bottom-large:0px;--awb-spacing-left-large:0%;--awb-width-medium:60%;--awb-order-medium:0;--awb-spacing-right-medium:3.2%;--awb-spacing-left-medium:0%;--awb-width-small:100%;--awb-order-small:0;--awb-spacing-right-small:1.92%;--awb-spacing-left-small:1.92%;\" data-scroll-devices=\"small-visibility,medium-visibility,large-visibility\"><div class=\"fusion-column-wrapper fusion-column-has-shadow fusion-flex-justify-content-center fusion-content-layout-column\"><div class=\"fusion-image-element \" style=\"text-align:center;--awb-aspect-ratio:1 \/ 1;--awb-margin-top:5%;--awb-margin-right:5%;--awb-margin-bottom:5%;--awb-margin-left:5%;--awb-max-width:500px;--awb-caption-title-font-family:var(--h2_typography-font-family);--awb-caption-title-font-weight:var(--h2_typography-font-weight);--awb-caption-title-font-style:var(--h2_typography-font-style);--awb-caption-title-size:var(--h2_typography-font-size);--awb-caption-title-transform:var(--h2_typography-text-transform);--awb-caption-title-line-height:var(--h2_typography-line-height);--awb-caption-title-letter-spacing:var(--h2_typography-letter-spacing);\"><div style=\"display:inline-block;width:500px;\"><span class=\" fusion-imageframe imageframe-none imageframe-1 hover-type-none has-aspect-ratio\"><img decoding=\"async\" width=\"1024\" height=\"1024\" title=\"53A47FDB-2AA7-4DB2-B0B7-8671278F5848\" src=\"https:\/\/www.psychologue-fornillo.com\/wp-content\/uploads\/2025\/02\/53A47FDB-2AA7-4DB2-B0B7-8671278F5848.png\" class=\"img-responsive wp-image-1571 img-with-aspect-ratio\" data-parent-fit=\"cover\" data-parent-container=\".fusion-image-element\" alt srcset=\"https:\/\/www.psychologue-fornillo.com\/wp-content\/uploads\/2025\/02\/53A47FDB-2AA7-4DB2-B0B7-8671278F5848-200x200.png 200w, https:\/\/www.psychologue-fornillo.com\/wp-content\/uploads\/2025\/02\/53A47FDB-2AA7-4DB2-B0B7-8671278F5848-400x400.png 400w, https:\/\/www.psychologue-fornillo.com\/wp-content\/uploads\/2025\/02\/53A47FDB-2AA7-4DB2-B0B7-8671278F5848-600x600.png 600w, https:\/\/www.psychologue-fornillo.com\/wp-content\/uploads\/2025\/02\/53A47FDB-2AA7-4DB2-B0B7-8671278F5848-800x800.png 800w, https:\/\/www.psychologue-fornillo.com\/wp-content\/uploads\/2025\/02\/53A47FDB-2AA7-4DB2-B0B7-8671278F5848.png 1024w\" sizes=\"(max-width: 640px) 100vw, 800px\" \/><\/span><\/div><\/div><\/div><\/div><\/div><\/div><div class=\"fusion-fullwidth fullwidth-box fusion-builder-row-2 fusion-flex-container has-pattern-background has-mask-background hundred-percent-fullwidth non-hundred-percent-height-scrolling fusion-no-large-visibility\" style=\"--awb-border-radius-top-left:0px;--awb-border-radius-top-right:0px;--awb-border-radius-bottom-right:0px;--awb-border-radius-bottom-left:0px;--awb-padding-right:8%;--awb-padding-bottom:25px;--awb-padding-left:8%;--awb-padding-right-medium:60px;--awb-padding-left-medium:60px;--awb-padding-right-small:25px;--awb-padding-left-small:25px;--awb-margin-top:-3%;--awb-margin-top-small:0px;--awb-background-color:#ffffff;--awb-background-image:linear-gradient(90deg, #ffffff 60%,var(--awb-color1) 0%);--awb-flex-wrap:wrap;\" ><div class=\"fusion-builder-row fusion-row fusion-flex-align-items-flex-start fusion-flex-content-wrap\" style=\"width:104% !important;max-width:104% !important;margin-left: calc(-4% \/ 2 );margin-right: calc(-4% \/ 2 );\"><div class=\"fusion-layout-column fusion_builder_column fusion-builder-column-2 fusion_builder_column_1_1 1_1 fusion-flex-column fusion-flex-align-self-center\" style=\"--awb-bg-size:cover;--awb-transform:translateY(0px);--awb-transform-hover:translateY(-10px);--awb-width-large:100%;--awb-margin-top-large:0px;--awb-spacing-right-large:1.92%;--awb-margin-bottom-large:0px;--awb-spacing-left-large:0%;--awb-width-medium:100%;--awb-order-medium:0;--awb-spacing-right-medium:1.92%;--awb-spacing-left-medium:0%;--awb-width-small:100%;--awb-order-small:0;--awb-spacing-right-small:1.92%;--awb-spacing-left-small:1.92%;\" data-scroll-devices=\"small-visibility,medium-visibility,large-visibility\"><div class=\"fusion-column-wrapper fusion-column-has-shadow fusion-flex-justify-content-center fusion-content-layout-row fusion-flex-align-items-center\"><div class=\"fusion-image-element \" style=\"text-align:center;--awb-aspect-ratio:1 \/ 1;--awb-object-position:48% 46%;--awb-margin-top:5%;--awb-margin-right:5%;--awb-margin-bottom:5%;--awb-margin-left:5%;--awb-max-width:400px;--awb-caption-title-font-family:var(--h2_typography-font-family);--awb-caption-title-font-weight:var(--h2_typography-font-weight);--awb-caption-title-font-style:var(--h2_typography-font-style);--awb-caption-title-size:var(--h2_typography-font-size);--awb-caption-title-transform:var(--h2_typography-text-transform);--awb-caption-title-line-height:var(--h2_typography-line-height);--awb-caption-title-letter-spacing:var(--h2_typography-letter-spacing);\"><div style=\"display:inline-block;width:400px;\"><span class=\" fusion-imageframe imageframe-none imageframe-2 hover-type-none has-aspect-ratio\"><img decoding=\"async\" width=\"1024\" height=\"1024\" title=\"53A47FDB-2AA7-4DB2-B0B7-8671278F5848\" src=\"https:\/\/www.psychologue-fornillo.com\/wp-content\/uploads\/2025\/02\/53A47FDB-2AA7-4DB2-B0B7-8671278F5848.png\" class=\"img-responsive wp-image-1571 img-with-aspect-ratio\" data-parent-fit=\"cover\" data-parent-container=\".fusion-image-element\" alt srcset=\"https:\/\/www.psychologue-fornillo.com\/wp-content\/uploads\/2025\/02\/53A47FDB-2AA7-4DB2-B0B7-8671278F5848-200x200.png 200w, https:\/\/www.psychologue-fornillo.com\/wp-content\/uploads\/2025\/02\/53A47FDB-2AA7-4DB2-B0B7-8671278F5848-400x400.png 400w, https:\/\/www.psychologue-fornillo.com\/wp-content\/uploads\/2025\/02\/53A47FDB-2AA7-4DB2-B0B7-8671278F5848-600x600.png 600w, https:\/\/www.psychologue-fornillo.com\/wp-content\/uploads\/2025\/02\/53A47FDB-2AA7-4DB2-B0B7-8671278F5848-800x800.png 800w, https:\/\/www.psychologue-fornillo.com\/wp-content\/uploads\/2025\/02\/53A47FDB-2AA7-4DB2-B0B7-8671278F5848.png 1024w\" sizes=\"(max-width: 640px) 100vw, 1024px\" \/><\/span><\/div><\/div><\/div><\/div><div class=\"fusion-layout-column fusion_builder_column fusion-builder-column-3 fusion_builder_column_1_1 1_1 fusion-flex-column fusion-flex-align-self-center\" style=\"--awb-padding-top:60px;--awb-padding-top-small:0px;--awb-bg-size:cover;--awb-width-large:100%;--awb-margin-top-large:0px;--awb-spacing-right-large:0%;--awb-margin-bottom-large:0px;--awb-spacing-left-large:1.92%;--awb-width-medium:100%;--awb-order-medium:0;--awb-spacing-right-medium:0%;--awb-spacing-left-medium:1.92%;--awb-width-small:100%;--awb-order-small:0;--awb-spacing-right-small:1.92%;--awb-spacing-left-small:1.92%;\" data-scroll-devices=\"small-visibility,medium-visibility,large-visibility\"><div class=\"fusion-column-wrapper fusion-column-has-shadow fusion-flex-justify-content-center fusion-content-layout-column\"><div class=\"fusion-text fusion-text-2 fusion-animated fusion-text-no-margin\" style=\"--awb-content-alignment:left;--awb-font-size:18px;--awb-line-height:1.6;--awb-letter-spacing:0px;--awb-text-transform:var(--awb-typography4-text-transform);--awb-text-color:#3b6c80;--awb-margin-bottom:3%;--awb-text-font-family:&quot;Montserrat&quot;;--awb-text-font-style:normal;--awb-text-font-weight:400;\" data-animationType=\"fadeInLeft\" data-animationDuration=\"1.2\" data-animationOffset=\"top-into-view\"><p><b>\u00bfQu\u00e9 es la terapia de Integraci\u00f3n del Ciclo de Vida (LI-ICV)?<\/b><\/p>\n<p><span style=\"font-weight: 400;\">La terapia Lifespan Integration (Integraci\u00f3n del ciclo de vida) (LI-ICV) fue desarrollada a principios de los a\u00f1os 2000 por Peggy Pace, una psicoterapeuta estadounidense.<\/span><\/p>\n<p><span style=\"font-weight: 400;\">La terapia LI-ICV utiliza la memoria autobiogr\u00e1fica para ayudar al paciente a revisitar los eventos de su vida de manera segura. La terapia ICV permite \u201creescribir\u201d las experiencias de manera m\u00e1s tranquila, para que los recuerdos ya no sean una fuente de sufrimiento. <\/span><\/p>\n<p><b>\u00bfA qui\u00e9n se dirige la terapia de Integraci\u00f3n del Ciclo de Vida (LI-ICV)?<\/b><\/p>\n<p><span style=\"font-weight: 400;\">La terapia de Integraci\u00f3n del Ciclo de Vida est\u00e1 especialmente recomendada para personas que sufren de:<\/span><\/p>\n<ul>\n<li><b>Ansiedad cr\u00f3nica y depresi\u00f3n<\/b><span style=\"font-weight: 400;\">: la terapia permitir\u00e1 liberar las emociones reprimidas y reducir los s\u00edntomas de ansiedad y depresi\u00f3n.<\/span><\/li>\n<li><b>Traumas complejos<\/b><span style=\"font-weight: 400;\">: la terapia permitir\u00e1 tratar las heridas profundas causadas por abusos, negligencias o violencias repetidas.<\/span><\/li>\n<li><b>Bloqueos emocionales y disociaci\u00f3n<\/b><span style=\"font-weight: 400;\">: la terapia permitir\u00e1 recuperar un sentimiento de continuidad emocional y de control.<\/span><\/li>\n<\/ul>\n<p><b>\u00bfEn qu\u00e9 consiste la terapia de Integraci\u00f3n del Ciclo de Vida (LI-ICV)?<\/b><\/p>\n<p><span style=\"font-weight: 400;\">La terapia LI-ICV trata \u201ccon suavidad\u201d los traumas porque la exposici\u00f3n es r\u00e1pida y repetida, permitiendo al cerebro sostener su capacidad natural de integraci\u00f3n y \u201cdigesti\u00f3n\u201d de los eventos de la vida.<\/span><span style=\"font-weight: 400;\"><br \/>\n<\/span><span style=\"font-weight: 400;\">La terapia LI-ICV trabaja sobre la historia de vida del sujeto. Terapeuta y paciente construyen juntos una  <\/span><b>l\u00ednea de tiempo. <\/b><\/p>\n<p><span style=\"font-weight: 400;\">La terapia LI-ICV utiliza la t\u00e9cnica de la \u201cl\u00ednea de tiempo\u201d, que permite revivir los recuerdos significativos en un entorno seguro. Durante la sesi\u00f3n, el terapeuta gu\u00eda al paciente en una revisita de su \u201cl\u00ednea de vida\u201d, donde los eventos se abordan en orden cronol\u00f3gico. <\/span><\/p>\n<p><span style=\"font-weight: 400;\">El trabajo terap\u00e9utico consiste en<\/span><b> la<\/b> <b>repetici\u00f3n de esta l\u00ednea de tiempo<\/b><span style=\"font-weight: 400;\">. Este trabajo se realiza tambi\u00e9n gracias al<\/span><b>sinton\u00eda<\/b><span style=\"font-weight: 400;\"> entre el paciente y el terapeuta que permite crear una buena alianza terap\u00e9utica y favorece la regulaci\u00f3n emocional del paciente.<\/span><\/p>\n<p><span style=\"font-weight: 400;\">La exposici\u00f3n breve y repetida permite la integraci\u00f3n neuronal necesaria para el desarrollo de un sentimiento cada vez mayor de seguridad interna y aceptaci\u00f3n. <\/span><\/p>\n<p><b>\u00bfLos Beneficios de la terapia de Integraci\u00f3n del Ciclo de Vida LI-ICV?<\/b><\/p>\n<p><span style=\"font-weight: 400;\"> La terapia LI-ICV permite:<\/span><\/p>\n<ul>\n<li style=\"font-weight: 400;\" aria-level=\"1\"><span style=\"font-weight: 400;\">La integraci\u00f3n de un evento traum\u00e1tico espec\u00edfico (por ejemplo: un fallecimiento, una enfermedad, una agresi\u00f3n, un accidente de tr\u00e1fico, etc.)<\/span><\/li>\n<li style=\"font-weight: 400;\" aria-level=\"1\"><span style=\"font-weight: 400;\">Reprocesar los recuerdos dolorosos<\/span><\/li>\n<li style=\"font-weight: 400;\" aria-level=\"1\"><span style=\"font-weight: 400;\">Un trabajo de fondo que permite a la persona integrar su historia de vida en su globalidad.<\/span><\/li>\n<\/ul>\n<\/div><\/div><\/div><\/div><\/div><div class=\"fusion-fullwidth fullwidth-box fusion-builder-row-3 fusion-flex-container has-pattern-background has-mask-background nonhundred-percent-fullwidth non-hundred-percent-height-scrolling\" style=\"--awb-border-radius-top-left:0px;--awb-border-radius-top-right:0px;--awb-border-radius-bottom-right:0px;--awb-border-radius-bottom-left:0px;--awb-flex-wrap:wrap;\" ><div class=\"fusion-builder-row fusion-row fusion-flex-align-items-flex-start fusion-flex-content-wrap\" style=\"max-width:1248px;margin-left: calc(-4% \/ 2 );margin-right: calc(-4% \/ 2 );\"><div class=\"fusion-layout-column fusion_builder_column fusion-builder-column-4 fusion_builder_column_1_1 1_1 fusion-flex-column\" style=\"--awb-bg-size:cover;--awb-width-large:100%;--awb-margin-top-large:0px;--awb-spacing-right-large:1.92%;--awb-margin-bottom-large:20px;--awb-spacing-left-large:1.92%;--awb-width-medium:100%;--awb-order-medium:0;--awb-spacing-right-medium:1.92%;--awb-spacing-left-medium:1.92%;--awb-width-small:100%;--awb-order-small:0;--awb-spacing-right-small:1.92%;--awb-spacing-left-small:1.92%;\"><div class=\"fusion-column-wrapper fusion-column-has-shadow fusion-flex-justify-content-flex-start fusion-content-layout-column\"><div class=\"fusion-text fusion-text-3\">\n<script>\n  if (typeof hasAmeliaEntitiesApiCall === 'undefined' && ('' === '' && '' !== '1')) {\n    var hasAmeliaEntitiesApiCall = true;\n  }\n  var ameliaShortcodeData = (typeof ameliaShortcodeData === 'undefined') ? [] : ameliaShortcodeData;\n  ameliaShortcodeData.push(\n    {\n      'hasApiCall': (typeof hasAmeliaEntitiesApiCall !== 'undefined') && hasAmeliaEntitiesApiCall,\n      'trigger': '',\n      'trigger_type': '',\n      'triggered_form': 'sbsNew',\n      'in_dialog': '',\n      'show': '',\n      'counter': '1000',\n      'category': '',\n      'service': '',\n      'employee': '',\n      'location': '',\n      'package': '',\n      'layout': '',\n    }\n  );\n\n  var ameliaShortcodeDataTriggered = (typeof ameliaShortcodeDataTriggered === 'undefined') ? [] : ameliaShortcodeDataTriggered;\n  if (ameliaShortcodeData[ameliaShortcodeData.length - 1].trigger !== '') {\n    if (ameliaShortcodeDataTriggered.filter(a => a.counter === ameliaShortcodeData[ameliaShortcodeData.length - 1].counter).length === 0) {\n      ameliaShortcodeDataTriggered.push(ameliaShortcodeData.pop());\n    } else {\n      ameliaShortcodeData.pop()\n    }\n  }\n  if (typeof hasAmeliaEntitiesApiCall !== 'undefined' && hasAmeliaEntitiesApiCall) {\n    hasAmeliaEntitiesApiCall = false;\n  }\n<\/script>\n\n<div\n  id=\"amelia-v2-booking-1000\"\n  class=\"amelia-v2-booking\"\n >\n    <step-form-wrapper><\/step-form-wrapper><\/div>\n\n<\/div><\/div><\/div><\/div><\/div><\/p>\n","protected":false},"excerpt":{"rendered":"","protected":false},"author":1,"featured_media":0,"parent":0,"menu_order":0,"comment_status":"closed","ping_status":"closed","template":"100-width.php","meta":{"footnotes":""},"class_list":["post-1891","page","type-page","status-publish","hentry"],"_links":{"self":[{"href":"https:\/\/www.psychologue-fornillo.com\/es\/wp-json\/wp\/v2\/pages\/1891","targetHints":{"allow":["GET"]}}],"collection":[{"href":"https:\/\/www.psychologue-fornillo.com\/es\/wp-json\/wp\/v2\/pages"}],"about":[{"href":"https:\/\/www.psychologue-fornillo.com\/es\/wp-json\/wp\/v2\/types\/page"}],"author":[{"embeddable":true,"href":"https:\/\/www.psychologue-fornillo.com\/es\/wp-json\/wp\/v2\/users\/1"}],"replies":[{"embeddable":true,"href":"https:\/\/www.psychologue-fornillo.com\/es\/wp-json\/wp\/v2\/comments?post=1891"}],"version-history":[{"count":4,"href":"https:\/\/www.psychologue-fornillo.com\/es\/wp-json\/wp\/v2\/pages\/1891\/revisions"}],"predecessor-version":[{"id":1900,"href":"https:\/\/www.psychologue-fornillo.com\/es\/wp-json\/wp\/v2\/pages\/1891\/revisions\/1900"}],"wp:attachment":[{"href":"https:\/\/www.psychologue-fornillo.com\/es\/wp-json\/wp\/v2\/media?parent=1891"}],"curies":[{"name":"wp","href":"https:\/\/api.w.org\/{rel}","templated":true}]}}