{"id":1717,"date":"2025-02-16T20:57:51","date_gmt":"2025-02-16T19:57:51","guid":{"rendered":"https:\/\/www.psychologue-fornillo.com\/aviso-legal\/"},"modified":"2026-01-25T11:34:27","modified_gmt":"2026-01-25T10:34:27","slug":"aviso-legal","status":"publish","type":"page","link":"https:\/\/www.psychologue-fornillo.com\/es\/aviso-legal\/","title":{"rendered":"Aviso Legal"},"content":{"rendered":"<div class=\"fusion-fullwidth fullwidth-box fusion-builder-row-1 fusion-flex-container has-pattern-background has-mask-background nonhundred-percent-fullwidth non-hundred-percent-height-scrolling\" style=\"--awb-border-radius-top-left:0px;--awb-border-radius-top-right:0px;--awb-border-radius-bottom-right:0px;--awb-border-radius-bottom-left:0px;--awb-flex-wrap:wrap;\" ><div class=\"fusion-builder-row fusion-row fusion-flex-align-items-flex-start fusion-flex-content-wrap\" style=\"max-width:1248px;margin-left: calc(-4% \/ 2 );margin-right: calc(-4% \/ 2 );\"><div class=\"fusion-layout-column fusion_builder_column fusion-builder-column-0 fusion_builder_column_1_1 1_1 fusion-flex-column\" style=\"--awb-bg-size:cover;--awb-width-large:100%;--awb-margin-top-large:0px;--awb-spacing-right-large:1.92%;--awb-margin-bottom-large:20px;--awb-spacing-left-large:1.92%;--awb-width-medium:100%;--awb-order-medium:0;--awb-spacing-right-medium:1.92%;--awb-spacing-left-medium:1.92%;--awb-width-small:100%;--awb-order-small:0;--awb-spacing-right-small:1.92%;--awb-spacing-left-small:1.92%;\"><div class=\"fusion-column-wrapper fusion-column-has-shadow fusion-flex-justify-content-flex-start fusion-content-layout-column\"><div class=\"fusion-text fusion-text-1\"><p><b>Aviso Legal<\/b><\/p>\n<ol>\n<li><b>  Informaci\u00f3n sobre el editor del sitio<\/b><\/li>\n<\/ol>\n<p><span style=\"font-weight: 400;\">De conformidad con las disposiciones de los art\u00edculos 6-III y 19 de la Ley n.\u00ba 2004-575 de 21 de junio de 2004 para la Confianza en la econom\u00eda digital (LCEN), se pone en conocimiento de los usuarios y visitantes del sitio el presente aviso legal.<\/span><\/p>\n<p><span style=\"font-weight: 400;\">El sitio est\u00e1 editado por:<\/span><\/p>\n<ul>\n<li style=\"font-weight: 400;\" aria-level=\"1\"><b>Nombre<\/b><span style=\"font-weight: 400;\">: Fornillo Maria Vanesa<\/span><\/li>\n<li style=\"font-weight: 400;\" aria-level=\"1\"><b>Direcci\u00f3n<\/b> <b>legal<\/b><span style=\"font-weight: 400;\">: 248 boulevard de la premi\u00e8re arm\u00e9e &#8211; 60280 Venette<br \/><\/span><\/li>\n<li style=\"font-weight: 400;\" aria-level=\"1\"><b>Direcci\u00f3n de correo electr\u00f3nico<\/b><span style=\"font-weight: 400;\">: contact@psychologue-fornillo.com<\/span><\/li>\n<li style=\"font-weight: 400;\" aria-level=\"1\"><b>Estatuto jur\u00eddico<\/b><span style=\"font-weight: 400;\">: Microempresa<\/span><\/li>\n<li style=\"font-weight: 400;\" aria-level=\"1\"><b>SIREN<\/b><span style=\"font-weight: 400;\">: 881585640<\/span><\/li>\n<li style=\"font-weight: 400;\" aria-level=\"1\"><b>SIRET<\/b><span style=\"font-weight: 400;\">: 88158564000017<\/span><\/li>\n<li style=\"font-weight: 400;\" aria-level=\"1\"><b>C\u00f3digo NAF<\/b><span style=\"font-weight: 400;\">: 86.90F<\/span><\/li>\n<li style=\"font-weight: 400;\" aria-level=\"1\"><b>N\u00famero de IVA intracomunitario<\/b><span style=\"font-weight: 400;\">: FR37881585640<\/span><\/li>\n<\/ul>\n<ol start=\"2\">\n<li><b>  Informaci\u00f3n sobre el proveedor de alojamiento<\/b><\/li>\n<\/ol>\n<p><span style=\"font-weight: 400;\">El sitio est\u00e1 alojado por:<\/span><\/p>\n<ul>\n<li style=\"font-weight: 400;\" aria-level=\"1\"><b>Proveedor de alojamiento<\/b><span style=\"font-weight: 400;\">: O2switch<\/span><\/li>\n<li style=\"font-weight: 400;\" aria-level=\"1\"><b>Direcci\u00f3n postal<\/b><span style=\"font-weight: 400;\">: 222-224 Boulevard Gustave Flaubert, 63000 Clermont-Ferrand<\/span><\/li>\n<li style=\"font-weight: 400;\" aria-level=\"1\"><b>Sitio web<\/b><span style=\"font-weight: 400;\">: <\/span><a href=\"https:\/\/www.o2switch.fr\"><span style=\"font-weight: 400;\">https:\/\/www.o2switch.fr<\/span><\/a><\/li>\n<li style=\"font-weight: 400;\" aria-level=\"1\"><b>Tel\u00e9fono<\/b><span style=\"font-weight: 400;\">: 03 4 44 44 60 40<\/span><\/li>\n<\/ul>\n<ol start=\"3\">\n<li><b>  Director de la publicaci\u00f3n<\/b><\/li>\n<\/ol>\n<p><span style=\"font-weight: 400;\">El director de la publicaci\u00f3n es:<\/span><\/p>\n<ul>\n<li style=\"font-weight: 400;\" aria-level=\"1\"><b>Nombre<\/b><span style=\"font-weight: 400;\">: Maria Vanesa Fornillo<\/span><\/li>\n<\/ul>\n<ol start=\"4\">\n<li><b>  Informaci\u00f3n relativa a la actividad<\/b><\/li>\n<\/ol>\n<p><span style=\"font-weight: 400;\">La actividad ejercida est\u00e1 sujeta a un r\u00e9gimen de autorizaci\u00f3n.<\/span><\/p>\n<ul>\n<li style=\"font-weight: 400;\" aria-level=\"1\"><b>N.\u00ba Ad\u00e9li<\/b><span style=\"font-weight: 400;\">: 609310255<\/span><\/li>\n<li style=\"font-weight: 400;\" aria-level=\"1\"><b>Certificaci\u00f3n EuroPsy<\/b><\/li>\n<li style=\"font-weight: 400;\" aria-level=\"1\"><b>T\u00edtulos<\/b><span style=\"font-weight: 400;\">:<\/span>\n<ul>\n<li style=\"font-weight: 400;\" aria-level=\"2\"><span style=\"font-weight: 400;\">M\u00e1ster 2 en \u201cPsicolog\u00eda Cl\u00ednica, del Desarrollo y Neuropsicolog\u00eda\u201d \u2013 Universit\u00e0 Degli Studi di Milano (Italia)<\/span><\/li>\n<li style=\"font-weight: 400;\" aria-level=\"2\"><span style=\"font-weight: 400;\">M\u00e1ster 1 en \u201cPsicolog\u00eda Cl\u00ednica y Psicopatolog\u00eda\u201d \u2013 Universit\u00e9 Paris V (Francia)<\/span><\/li>\n<li style=\"font-weight: 400;\" aria-level=\"2\"><span style=\"font-weight: 400;\">M\u00e1ster en Psicolog\u00eda Cl\u00ednica Estrat\u00e9gica \u2013 Centre de Th\u00e9rapie Strat\u00e9gique: Research, Training and Psychotherapy Institute &#8211; Giorgio Nardone (Italia)<\/span><\/li>\n<\/ul>\n<\/li>\n<\/ul>\n<ol start=\"5\">\n<li><b>  Menciones relativas a la propiedad intelectual<\/b><\/li>\n<\/ol>\n<p><span style=\"font-weight: 400;\">El conjunto del sitio, su estructura, sus textos, im\u00e1genes, gr\u00e1ficos, logotipos, iconos, sonidos, software y cualquier otro elemento que componga el sitio son propiedad exclusiva de Maria Vanesa Fornillo o est\u00e1n sujetos a una autorizaci\u00f3n de uso. Queda prohibida toda reproducci\u00f3n, representaci\u00f3n, modificaci\u00f3n, publicaci\u00f3n, adaptaci\u00f3n de todo o parte de los elementos del sitio, cualquiera que sea el medio o procedimiento utilizado, salvo autorizaci\u00f3n escrita previa de Maria Vanesa Fornillo. <\/span><\/p>\n<ul>\n<li style=\"font-weight: 400;\" aria-level=\"1\"><b>Im\u00e1genes<\/b><span style=\"font-weight: 400;\">: Las im\u00e1genes utilizadas en este sitio proceden de Shutterstock, Envato y Freepik.<\/span><\/li>\n<li style=\"font-weight: 400;\" aria-level=\"1\"><b>Textos<\/b><span style=\"font-weight: 400;\">: Todos los textos est\u00e1n redactados por Maria Vanesa Fornillo y est\u00e1n protegidos por el derecho de autor.<\/span><\/li>\n<\/ul>\n<ol start=\"6\">\n<li><b>  Tratamiento de datos personales<\/b><\/li>\n<\/ol>\n<p><span style=\"font-weight: 400;\">De conformidad con el Reglamento General de Protecci\u00f3n de Datos (RGPD), se proporciona la siguiente informaci\u00f3n:<\/span><\/p>\n<ul>\n<li style=\"list-style-type: none;\">\n<ul>\n<li style=\"font-weight: 400;\" aria-level=\"1\"><b>Datos recopilados<\/b><span style=\"font-weight: 400;\">: Nombre, apellidos, direcci\u00f3n de correo electr\u00f3nico, tel\u00e9fono, fecha de nacimiento.<\/span><\/li>\n<li style=\"font-weight: 400;\" aria-level=\"1\"><b>Responsable del tratamiento<\/b><span style=\"font-weight: 400;\">: Maria Vanesa Fornillo \u2013 contact@psychologue-fornillo.com<\/span><\/li>\n<li style=\"font-weight: 400;\" aria-level=\"1\"><b>Base jur\u00eddica del tratamiento<\/b><span style=\"font-weight: 400;\">: Consentimiento del usuario para la solicitud y gesti\u00f3n de citas.<\/span><\/li>\n<li style=\"font-weight: 400;\" aria-level=\"1\"><b>Finalidades del tratamiento<\/b><span style=\"font-weight: 400;\">: Gesti\u00f3n de citas e intercambios con los pacientes.<\/span><\/li>\n<li style=\"font-weight: 400;\" aria-level=\"1\"><b>Car\u00e1cter obligatorio o facultativo de los datos<\/b><span style=\"font-weight: 400;\">: El suministro de los datos es obligatorio para la solicitud de citas.<\/span><\/li>\n<li style=\"font-weight: 400;\" aria-level=\"1\"><b>Destinatario de los datos<\/b><span style=\"font-weight: 400;\">: Solo Maria Vanesa Fornillo tiene acceso a los datos.<\/span><\/li>\n<li style=\"font-weight: 400;\" aria-level=\"1\"><b>Duraci\u00f3n de conservaci\u00f3n de los datos para la solicitud de citas en el sitio<\/b><span style=\"font-weight: 400;\">: Los datos se conservan durante un a\u00f1o.<\/span><\/li>\n<li style=\"font-weight: 400;\" aria-level=\"1\"><b>Transferencia de datos fuera de la UE<\/b><span style=\"font-weight: 400;\">: No se realiza ninguna transferencia fuera de la Uni\u00f3n Europea.<\/span><\/li>\n<\/ul>\n<\/li>\n<\/ul>\n<ul>\n<li aria-level=\"1\"><b>Tratamientos de datos:<\/b><\/li>\n<\/ul>\n<p><span style=\"font-weight: 400;\">Los datos de car\u00e1cter personal recopilados durante las entrevistas deben <\/span> <span style=\"font-weight: 400;\">conservarse durante un per\u00edodo determinado. En lo que respecta a los escritos  <\/span> <span style=\"font-weight: 400;\">redactados por los psic\u00f3logos, las recomendaciones no son muy <\/span> <span style=\"font-weight: 400;\">precisas. En el sector de la salud mental en general, los expedientes  <\/span> <span style=\"font-weight: 400;\">m\u00e9dicos deben conservarse 20 a\u00f1os a partir de la \u00faltima <\/span> <span style=\"font-weight: 400;\">consulta, o como m\u00ednimo hasta \u201cl\u201d a edad de 28 a\u00f1os cuando el paciente es <\/span>  <span style=\"font-weight: 400;\">menor de edad, despu\u00e9s deben ser destruidos. Si el paciente fallece menos de diez a\u00f1os  <\/span> <span style=\"font-weight: 400;\">despu\u00e9s de la \u00faltima consulta, la informaci\u00f3n debe conservarse durante diez<\/span> <span style=\"font-weight: 400;\">a\u00f1os a partir de la fecha del fallecimiento, despu\u00e9s debe ser eliminada.<\/span><\/p>\n<ol start=\"7\">\n<li><b>  Uso de cookies<\/b><\/li>\n<\/ol>\n<ul>\n<li style=\"font-weight: 400;\" aria-level=\"1\"><b>Herramientas utilizadas<\/b><span style=\"font-weight: 400;\">: Google Analytics<\/span><\/li>\n<li style=\"font-weight: 400;\" aria-level=\"1\"><b>Finalidad<\/b><span style=\"font-weight: 400;\">: An\u00e1lisis del tr\u00e1fico y mejora de la experiencia del usuario.<\/span><\/li>\n<li style=\"font-weight: 400;\" aria-level=\"1\"><b>Consentimiento<\/b><span style=\"font-weight: 400;\">: Un banner de aceptaci\u00f3n informa a los usuarios de la presencia de cookies y les permite aceptarlas o rechazarlas.<\/span><\/li>\n<\/ul>\n<ol start=\"8\">\n<li><b>  Pagos y seguridad de las transacciones<\/b><\/li>\n<\/ol>\n<ul>\n<li style=\"font-weight: 400;\" aria-level=\"1\"><b>M\u00e9todo de pago<\/b><span style=\"font-weight: 400;\">: Los pagos en el sitio se realizan a trav\u00e9s de Stripe.<\/span><\/li>\n<li style=\"font-weight: 400;\" aria-level=\"1\"><b>Seguridad<\/b><span style=\"font-weight: 400;\">: Ning\u00fan dato bancario es almacenado por Maria Vanesa Fornillo.<\/span><\/li>\n<li style=\"font-weight: 400;\" aria-level=\"1\"><b>Responsabilidad<\/b><span style=\"font-weight: 400;\">: Las transacciones est\u00e1n aseguradas y se realizan a trav\u00e9s de un proveedor de pagos tercero.<\/span><\/li>\n<\/ul>\n<ol start=\"9\">\n<li><b>  Informaci\u00f3n sobre el desarrollador<\/b><\/li>\n<\/ol>\n<p><span style=\"font-weight: 400;\">El desarrollo del sitio ha sido realizado por:<\/span><\/p>\n<ul>\n<li style=\"font-weight: 400;\" aria-level=\"1\"><b>Desarrollador<\/b><span style=\"font-weight: 400;\">: Sociedad Leonor Media representada por Romain Rayez \u2013 sitio web: leonormedia.com<\/span><\/li>\n<\/ul>\n<ol start=\"10\">\n<li><b>  Responsabilidad y limitaci\u00f3n<\/b><\/li>\n<\/ol>\n<p><span style=\"font-weight: 400;\">Maria Vanesa Fornillo se esfuerza por proporcionar en el sitio informaci\u00f3n lo m\u00e1s precisa posible. Sin embargo, no podr\u00e1 ser considerada responsable de las omisiones, inexactitudes y carencias en la actualizaci\u00f3n. La informaci\u00f3n proporcionada en el sitio se da a t\u00edtulo indicativo y est\u00e1 sujeta a cambios.  <\/span><\/p>\n<ol start=\"11\">\n<li><b>  Ley aplicable y jurisdicci\u00f3n competente<\/b><\/li>\n<\/ol>\n<p><span style=\"font-weight: 400;\">El presente aviso legal est\u00e1 sujeto al derecho franc\u00e9s. En caso de litigio, y tras el fracaso de cualquier intento de b\u00fasqueda de una soluci\u00f3n amistosa, los tribunales franceses ser\u00e1n los \u00fanicos competentes para conocer de dicho litigio. <\/span><\/p>\n<p><span style=\"font-weight: 400;\">Este aviso legal puede ser modificado en cualquier momento. Se invita a los usuarios a consultarlo regularmente para mantenerse informados de las posibles actualizaciones. <\/span><\/p>\n<\/div><\/div><\/div><\/div><\/div>\n","protected":false},"excerpt":{"rendered":"","protected":false},"author":1,"featured_media":0,"parent":0,"menu_order":0,"comment_status":"closed","ping_status":"closed","template":"","meta":{"footnotes":""},"class_list":["post-1717","page","type-page","status-publish","hentry"],"_links":{"self":[{"href":"https:\/\/www.psychologue-fornillo.com\/es\/wp-json\/wp\/v2\/pages\/1717","targetHints":{"allow":["GET"]}}],"collection":[{"href":"https:\/\/www.psychologue-fornillo.com\/es\/wp-json\/wp\/v2\/pages"}],"about":[{"href":"https:\/\/www.psychologue-fornillo.com\/es\/wp-json\/wp\/v2\/types\/page"}],"author":[{"embeddable":true,"href":"https:\/\/www.psychologue-fornillo.com\/es\/wp-json\/wp\/v2\/users\/1"}],"replies":[{"embeddable":true,"href":"https:\/\/www.psychologue-fornillo.com\/es\/wp-json\/wp\/v2\/comments?post=1717"}],"version-history":[{"count":7,"href":"https:\/\/www.psychologue-fornillo.com\/es\/wp-json\/wp\/v2\/pages\/1717\/revisions"}],"predecessor-version":[{"id":2296,"href":"https:\/\/www.psychologue-fornillo.com\/es\/wp-json\/wp\/v2\/pages\/1717\/revisions\/2296"}],"wp:attachment":[{"href":"https:\/\/www.psychologue-fornillo.com\/es\/wp-json\/wp\/v2\/media?parent=1717"}],"curies":[{"name":"wp","href":"https:\/\/api.w.org\/{rel}","templated":true}]}}